{"id":17,"date":"2025-11-03T17:14:33","date_gmt":"2025-11-03T22:14:33","guid":{"rendered":"https:\/\/www.oaq.com\/ressources\/?page_id=17"},"modified":"2026-03-17T09:31:35","modified_gmt":"2026-03-17T13:31:35","slug":"ressources-externes","status":"publish","type":"page","link":"https:\/\/www.oaq.com\/ressources\/ressources-externes\/","title":{"rendered":"Ressources externes"},"content":{"rendered":"<section class=\"block-listing alignwide\"\n>\n    <div class=\"block-listing__filters\">\n              <h2>Index\u00a0alphab\u00e9tique des\u00a0organismes li\u00e9s \u00e0 la pratique de l&rsquo;architecture<\/h2>\n            <div class=\"facetwp-facet facetwp-facet-listing_alphabet facetwp-type-alpha\" data-name=\"listing_alphabet\" data-type=\"alpha\"><\/div>    <\/div>\n    <div class=\"block-listing__listing facetwp-template\">\n      \n<section class=\"tools-container\">\n  <div class=\"accordion-container\">\n          <div id=\"letter-A\" class=\"accordion__cont ac\" data-letter=\"A\">\n        <div class=\"accordion__accordion\">\n          <button class=\"accordion__header-row accordion-toggle ac-header ac-trigger\">\n            <h3 class=\"accordion__header__title\">A<\/h3>\n            <span class=\"accordion__header__icon\" role=\"presentation\">\n              <span class=\"icon-chevron-down\"><\/span>\n            <\/span>\n          <\/button>\n  \n          <div class=\"accordion__sub-rows wysiwyg ac-panel\">\n                          <div class=\"accordion__category-list accordion-sub accordion-container\">\n                                  <div class=\"accordion__item accordion__cont ac\" data-cat=\"architecture-sans-frontieres-quebec-asfq\">\n                    <button class=\"accordion__header-row ac-trigger ac-header accordion-sub-header\">\n                      <h3>Architecture sans fronti\u00e8res Qu\u00e9bec (ASFQ) <\/h3>\n                      <span class=\"accordion__header__icon\">\n                        <span class=\"plus\"><\/span>\n                      <\/span>\n                    <\/button>\n                    <div class=\"ac-panel\">\n                                                                     <ul class=\"outils-list\">\n                                                          <li class=\"outils-list__el\">\n                                <h4 class=\"outils-list__title\">Fiches pratiques\u00a0\u2013\u00a0Habitations +\u00a0inondations\u202f:\u00a0mesures d\u2019adaptation r\u00e9sidentielle\u00a0\u00a0<\/h4>\n                                <div class=\"outils-list__content\">\n                                  <div class=\"outils-list__content__desc\"><!-- wp:paragraph -->\n<p>Ces fiches sont con\u00e7ues pour accompagner les propri\u00e9taires, les\u00a0professionnels\u00a0et professionnelles\u00a0du b\u00e2timent\u00a0ainsi que\u00a0les\u00a0autres parties prenantes lors de la pr\u00e9paration de travaux pr\u00e9ventifs ou lors de la reconstruction\u00a0\u00e0 la suite d\u2019un sinistre li\u00e9 \u00e0 l\u2019eau.\u00a0Elles proposent des mesures\u00a0qui visent \u00e0\u00a0r\u00e9duire la vuln\u00e9rabilit\u00e9 des habitations\u00a0et \u00e0 augmenter\u00a0leur r\u00e9silience\u00a0face\u00a0aux inondations.\u00a0<\/p>\n<!-- \/wp:paragraph --><\/div>\n                                                                      <div class=\"outils-list__content__btn\">\n                                      <a class=\"btn btn-right-arrow\" href=\"https:\/\/www.asf-quebec.org\/wp-content\/uploads\/2023\/03\/Fiches-Habitations-Inondations-5.pdf\" target=\"_blank\">Voir en ligne<\/a>\n                                    <\/div>\n                                                                  <\/div>\n                              <\/li>\n                                                      <\/ul>\n                                            <\/div>\n                  <\/div>\n                                  <div class=\"accordion__item accordion__cont ac\" data-cat=\"association-de-lenveloppe-et-des-revetements-muraux-du-quebec-aermq\">\n                    <button class=\"accordion__header-row ac-trigger ac-header accordion-sub-header\">\n                      <h3>Association de l\u2019enveloppe et des rev\u00eatements muraux du Qu\u00e9bec (AERMQ) <\/h3>\n                      <span class=\"accordion__header__icon\">\n                        <span class=\"plus\"><\/span>\n                      <\/span>\n                    <\/button>\n                    <div class=\"ac-panel\">\n                                                                     <ul class=\"outils-list\">\n                                                          <li class=\"outils-list__el\">\n                                <h4 class=\"outils-list__title\">Manuel technique 2024\u00a0<\/h4>\n                                <div class=\"outils-list__content\">\n                                  <div class=\"outils-list__content__desc\"><!-- wp:paragraph -->\n<p>Cet outil de r\u00e9f\u00e9rence,\u00a0destin\u00e9 \u00e0 toute personne impliqu\u00e9e\u00a0dans l\u2019enveloppe du b\u00e2timent,\u00a0comprend des informations sur les mat\u00e9riaux utilis\u00e9s dans les syst\u00e8mes de rev\u00eatement m\u00e9tallique, incluant des d\u00e9tails techniques sur les mat\u00e9riaux de base et leurs finis, les m\u00e9thodes d\u2019assemblage, et plus encore.\u00a0<\/p>\n<!-- \/wp:paragraph --><\/div>\n                                                                      <div class=\"outils-list__content__btn\">\n                                      <a class=\"btn btn-right-arrow\" href=\"https:\/\/aermq.qc.ca\/services\/manuel-technique\/\" target=\"_blank\">Voir en ligne<\/a>\n                                    <\/div>\n                                                                  <\/div>\n                              <\/li>\n                                                      <\/ul>\n                                            <\/div>\n                  <\/div>\n                                  <div class=\"accordion__item accordion__cont ac\" data-cat=\"association-de-vitrerie-et-fenestration-du-quebec-avfq\">\n                    <button class=\"accordion__header-row ac-trigger ac-header accordion-sub-header\">\n                      <h3>Association de vitrerie et fenestration du Qu\u00e9bec (AVFQ) <\/h3>\n                      <span class=\"accordion__header__icon\">\n                        <span class=\"plus\"><\/span>\n                      <\/span>\n                    <\/button>\n                    <div class=\"ac-panel\">\n                                                                     <ul class=\"outils-list\">\n                                                          <li class=\"outils-list__el\">\n                                <h4 class=\"outils-list__title\">Guide du mur rideau et bulletins techniques\u00a0<\/h4>\n                                <div class=\"outils-list__content\">\n                                  <div class=\"outils-list__content__desc\"><!-- wp:paragraph -->\n<p>Ce guide pratique\u00a0a \u00e9t\u00e9 d\u00e9velopp\u00e9\u00a0en partenariat avec le Conseil de l\u2019enveloppe du b\u00e2timent du Qu\u00e9bec (CEBQ)\u00a0afin d\u2019offrir de l\u2019information de base aux\u00a0personnes responsables de la conception, de la fabrication\u00a0et\u00a0de l\u2019installation\u00a0de murs rideaux.\u00a0<\/p>\n<!-- \/wp:paragraph --><\/div>\n                                                                      <div class=\"outils-list__content__btn\">\n                                      <a class=\"btn btn-right-arrow\" href=\"https:\/\/www.guidemurrideau.com\/\" target=\"_blank\">Voir en ligne<\/a>\n                                    <\/div>\n                                                                  <\/div>\n                              <\/li>\n                                                      <\/ul>\n                                            <\/div>\n                  <\/div>\n                                  <div class=\"accordion__item accordion__cont ac\" data-cat=\"association-des-architectes-en-pratique-privee-du-quebec\">\n                    <button class=\"accordion__header-row ac-trigger ac-header accordion-sub-header\">\n                      <h3>Association des architectes en pratique priv\u00e9e du Qu\u00e9bec <\/h3>\n                      <span class=\"accordion__header__icon\">\n                        <span class=\"plus\"><\/span>\n                      <\/span>\n                    <\/button>\n                    <div class=\"ac-panel\">\n                                                                     <ul class=\"outils-list\">\n                                                          <li class=\"outils-list__el\">\n                                <h4 class=\"outils-list__title\">Firmes d\u2019architecture au Qu\u00e9bec\u00a0\u2013\u00a0\u00c9tude \u00e9conomique\u202f2022<\/h4>\n                                <div class=\"outils-list__content\">\n                                  <div class=\"outils-list__content__desc\"><!-- wp:paragraph -->\n<p>Ce document pr\u00e9sente les faits saillants de l\u2019\u00e9tude \u00e9conomique sur les firmes d\u2019architecture\u00a0\u2013\u00a0Donn\u00e9es\u202f2022.<\/p>\n<!-- \/wp:paragraph --><\/div>\n                                                                      <div class=\"outils-list__content__btn\">\n                                      <a class=\"btn btn-right-arrow\" href=\"https:\/\/www.aappq.qc.ca\/content\/filemanager\/AAPPQ_%C3%89tude%20%C3%A9conomique%202022_final_logos.pdf\" target=\"_blank\">Voir en ligne<\/a>\n                                    <\/div>\n                                                                  <\/div>\n                              <\/li>\n                                                          <li class=\"outils-list__el\">\n                                <h4 class=\"outils-list__title\">S\u00e9rie balado &quot;C&#039;est quoi tes plans?&quot; et autres outils<\/h4>\n                                <div class=\"outils-list__content\">\n                                  <div class=\"outils-list__content__desc\"><!-- wp:paragraph -->\n<p>En plus du\u00a0balado\u00a0<em>C\u2019est\u00a0quoi tes\u00a0plans<\/em>\u00a0et du magazine num\u00e9rique\u00a0<em>Panorama<\/em>\u00a0disponible\u00a0pour\u00a0toutes et\u00a0tous, l&rsquo;AAPPQ offre divers outils aux bureaux d\u2019architectes membres pour un exercice optimal de leur pratique\u202f: contrats types, formations, assurances, conseils, guides, etc.<\/p>\n<!-- \/wp:paragraph --><\/div>\n                                                                      <div class=\"outils-list__content__btn\">\n                                      <a class=\"btn btn-right-arrow\" href=\"https:\/\/linktr.ee\/aappq.qc\" target=\"_blank\">Voir en ligne<\/a>\n                                    <\/div>\n                                                                  <\/div>\n                              <\/li>\n                                                      <\/ul>\n                                            <\/div>\n                  <\/div>\n                                  <div class=\"accordion__item accordion__cont ac\" data-cat=\"association-des-maitres-couvreurs-du-quebec-amcq\">\n                    <button class=\"accordion__header-row ac-trigger ac-header accordion-sub-header\">\n                      <h3>Association des Ma\u00eetres Couvreurs du Qu\u00e9bec (AMCQ) <\/h3>\n                      <span class=\"accordion__header__icon\">\n                        <span class=\"plus\"><\/span>\n                      <\/span>\n                    <\/button>\n                    <div class=\"ac-panel\">\n                                                                     <ul class=\"outils-list\">\n                                                          <li class=\"outils-list__el\">\n                                <h4 class=\"outils-list__title\">Devis et documents<\/h4>\n                                <div class=\"outils-list__content\">\n                                  <div class=\"outils-list__content__desc\"><!-- wp:paragraph -->\n<p>Cet\u00a0onglet\u00a0du site web\u00a0propose des devis,\u00a0des\u00a0bulletins techniques et\u00a0des\u00a0mod\u00e8les 3D en lien avec les syst\u00e8mes de couverture et d\u2019\u00e9tanch\u00e9it\u00e9.\u00a0<\/p>\n<!-- \/wp:paragraph --><\/div>\n                                                                      <div class=\"outils-list__content__btn\">\n                                      <a class=\"btn btn-right-arrow\" href=\"https:\/\/amcq.qc.ca\/devis-et-documents\/devis-couvertures\/\" target=\"_blank\">Voir en ligne<\/a>\n                                    <\/div>\n                                                                  <\/div>\n                              <\/li>\n                                                      <\/ul>\n                                            <\/div>\n                  <\/div>\n                                  <div class=\"accordion__item accordion__cont ac\" data-cat=\"association-des-manufacturiers-de-menuiserie-architecturale-du-canada-awmac-woodwork-institute\">\n                    <button class=\"accordion__header-row ac-trigger ac-header accordion-sub-header\">\n                      <h3>Association des manufacturiers de menuiserie architecturale du Canada (AWMAC) + Woodwork Institute <\/h3>\n                      <span class=\"accordion__header__icon\">\n                        <span class=\"plus\"><\/span>\n                      <\/span>\n                    <\/button>\n                    <div class=\"ac-panel\">\n                                                                     <ul class=\"outils-list\">\n                                                          <li class=\"outils-list__el\">\n                                <h4 class=\"outils-list__title\">Normes nord-am\u00e9ricaines de menuiserie architecturale\u202f4.0 (North American Architectural\u00a0Woodwork\u00a0Standards\u00a0\u2013\u00a0NAAWS)\u00a0\u00a0<\/h4>\n                                <div class=\"outils-list__content\">\n                                  <div class=\"outils-list__content__desc\"><!-- wp:paragraph -->\n<p>Ces normes sont une ressource en mati\u00e8re de conception de menuiserie architecturale et fournissent des lignes directrices et des instructions\u00a0aux personnes impliqu\u00e9es dans la conception, la fabrication et l\u2019installation.\u00a0Le document d\u00e9crit et illustre les qualit\u00e9s, les m\u00e9thodes et les conditions d\u2019ex\u00e9cution n\u00e9cessaires \u00e0 la production et \u00e0 l\u2019installation de menuiserie architecturale. Des d\u00e9tails typiques de mobilier sont \u00e9galement t\u00e9l\u00e9chargeables\u00a0\u00e0 partir de\u00a0l\u2019onglet Design Library du site web.<\/p>\n<!-- \/wp:paragraph --><\/div>\n                                                                      <div class=\"outils-list__content__btn\">\n                                      <a class=\"btn btn-right-arrow\" href=\"https:\/\/naaws.com\/\" target=\"_blank\">Voir en ligne<\/a>\n                                    <\/div>\n                                                                  <\/div>\n                              <\/li>\n                                                      <\/ul>\n                                            <\/div>\n                  <\/div>\n                                  <div class=\"accordion__item accordion__cont ac\" data-cat=\"association-des-professionnels-de-la-construction-et-de-lhabitation-du-quebec-apchq\">\n                    <button class=\"accordion__header-row ac-trigger ac-header accordion-sub-header\">\n                      <h3>Association des professionnels de la construction et de l\u2019habitation du Qu\u00e9bec (APCHQ) <\/h3>\n                      <span class=\"accordion__header__icon\">\n                        <span class=\"plus\"><\/span>\n                      <\/span>\n                    <\/button>\n                    <div class=\"ac-panel\">\n                                                                     <ul class=\"outils-list\">\n                                                          <li class=\"outils-list__el\">\n                                <h4 class=\"outils-list__title\">Trousse de gestion des r\u00e9sidus de construction<\/h4>\n                                <div class=\"outils-list__content\">\n                                  <div class=\"outils-list__content__desc\"><!-- wp:paragraph -->\n<p>Cette\u00a0trousse propose une s\u00e9rie d\u2019outils pour aider \u00e0 mieux planifier et organiser la gestion des r\u00e9sidus sur les chantiers de construction et de r\u00e9novation du secteur de l\u2019habitation.\u00a0Elle\u00a0pr\u00e9sente une m\u00e9thodologie pas \u00e0 pas pour mettre en place le tri des r\u00e9sidus de\u00a0construction, de r\u00e9novation et de d\u00e9molition\u00a0(CRD)\u00a0\u00e0 la source.\u00a0\u00a0<\/p>\n<!-- \/wp:paragraph --><\/div>\n                                                                      <div class=\"outils-list__content__btn\">\n                                      <a class=\"btn btn-right-arrow\" href=\"https:\/\/www.apchq.com\/outils\/trousse-gestion-des-residus\/\" target=\"_blank\">Voir en ligne<\/a>\n                                    <\/div>\n                                                                  <\/div>\n                              <\/li>\n                                                      <\/ul>\n                                            <\/div>\n                  <\/div>\n                              <\/div>\n                      <\/div>\n        <\/div>\n      <\/div>\n          <div id=\"letter-B\" class=\"accordion__cont ac\" data-letter=\"B\">\n        <div class=\"accordion__accordion\">\n          <button class=\"accordion__header-row accordion-toggle ac-header ac-trigger\">\n            <h3 class=\"accordion__header__title\">B<\/h3>\n            <span class=\"accordion__header__icon\" role=\"presentation\">\n              <span class=\"icon-chevron-down\"><\/span>\n            <\/span>\n          <\/button>\n  \n          <div class=\"accordion__sub-rows wysiwyg ac-panel\">\n                          <div class=\"accordion__category-list accordion-sub accordion-container\">\n                                  <div class=\"accordion__item accordion__cont ac\" data-cat=\"banque-de-developpement-du-canada-bdc\">\n                    <button class=\"accordion__header-row ac-trigger ac-header accordion-sub-header\">\n                      <h3>Banque de d\u00e9veloppement du Canada (BDC) <\/h3>\n                      <span class=\"accordion__header__icon\">\n                        <span class=\"plus\"><\/span>\n                      <\/span>\n                    <\/button>\n                    <div class=\"ac-panel\">\n                                                                     <ul class=\"outils-list\">\n                                                          <li class=\"outils-list__el\">\n                                <h4 class=\"outils-list__title\">Site Web &#8211; Banque de d\u00e9veloppement du Canada (BDC)<\/h4>\n                                <div class=\"outils-list__content\">\n                                  <div class=\"outils-list__content__desc\"><!-- wp:paragraph -->\n<p>Ce site propose divers articles et outils en lien avec l\u2019entrepreneuriat\u202f:\u00a0d\u00e9marrer ou acheter une entreprise,\u00a0strat\u00e9gie et planification,\u00a0argent et finance,\u00a0marketing, ventes et exportation,\u00a0gestion du personnel.\u00a0Il offre aussi des outils financiers,\u00a0des\u00a0gabarits t\u00e9l\u00e9chargeables,\u00a0des\u00a0webinaires et\u00a0d\u2019autres ressources.\u00a0<\/p>\n<!-- \/wp:paragraph --><\/div>\n                                                                      <div class=\"outils-list__content__btn\">\n                                      <a class=\"btn btn-right-arrow\" href=\"https:\/\/www.bdc.ca\/fr\/articles-outils\" target=\"_blank\">Voir en ligne<\/a>\n                                    <\/div>\n                                                                  <\/div>\n                              <\/li>\n                                                      <\/ul>\n                                            <\/div>\n                  <\/div>\n                                  <div class=\"accordion__item accordion__cont ac\" data-cat=\"bim-quebec\">\n                    <button class=\"accordion__header-row ac-trigger ac-header accordion-sub-header\">\n                      <h3>BIM Qu\u00e9bec <\/h3>\n                      <span class=\"accordion__header__icon\">\n                        <span class=\"plus\"><\/span>\n                      <\/span>\n                    <\/button>\n                    <div class=\"ac-panel\">\n                                                                     <ul class=\"outils-list\">\n                                                          <li class=\"outils-list__el\">\n                                <h4 class=\"outils-list__title\">Guide\u00a0\u2013\u00a0Introduction \u00e0 la gestion des actifs facilit\u00e9e par la mod\u00e9lisation des donn\u00e9es du b\u00e2timent (BIM)<\/h4>\n                                <div class=\"outils-list__content\">\n                                  <div class=\"outils-list__content__desc\"><!-- wp:paragraph -->\n<p>Ce guide a pour objectif d\u2019assister les propri\u00e9taires, les op\u00e9rateurs et les gestionnaires d\u2019actifs dans leur passage \u00e0 la gestion et au maintien des actifs facilit\u00e9s\u00a0par le BIM.\u00a0<\/p>\n<!-- \/wp:paragraph --><\/div>\n                                                                      <div class=\"outils-list__content__btn\">\n                                      <a class=\"btn btn-right-arrow\" href=\"https:\/\/www.bimquebec.org\/_files\/ugd\/eca87e_7933f27f963a47e9915e9926009ee55f.pdf\" target=\"_blank\">Voir en ligne<\/a>\n                                    <\/div>\n                                                                  <\/div>\n                              <\/li>\n                                                      <\/ul>\n                                            <\/div>\n                  <\/div>\n                                  <div class=\"accordion__item accordion__cont ac\" data-cat=\"bureau-de-normalisation-du-quebec-bnq\">\n                    <button class=\"accordion__header-row ac-trigger ac-header accordion-sub-header\">\n                      <h3>Bureau de normalisation du Qu\u00e9bec (BNQ) <\/h3>\n                      <span class=\"accordion__header__icon\">\n                        <span class=\"plus\"><\/span>\n                      <\/span>\n                    <\/button>\n                    <div class=\"ac-panel\">\n                                                                     <ul class=\"outils-list\">\n                                                          <li class=\"outils-list__el\">\n                                <h4 class=\"outils-list__title\">Norme\u202fCAN\/CSA-Z1003-13\/BNQ 9700-803\u00a0Sant\u00e9 et s\u00e9curit\u00e9 psychologiques en milieu de travail \u2014 Pr\u00e9vention, promotion et lignes directrices pour une mise en \u0153uvre par \u00e9tapes<\/h4>\n                                <div class=\"outils-list__content\">\n                                  <div class=\"outils-list__content__desc\"><!-- wp:paragraph -->\n<p>Cette\u00a0norme s\u2019applique \u00e0 tout type d\u2019organisme et fournit un cadre de cr\u00e9ation et d\u2019am\u00e9lioration continue d\u2019un milieu de travail psychologiquement sain et s\u00e9curitaire.\u00a0<\/p>\n<!-- \/wp:paragraph --><\/div>\n                                                                      <div class=\"outils-list__content__btn\">\n                                      <a class=\"btn btn-right-arrow\" href=\"https:\/\/bnq.qc.ca\/fr\/normalisation\/sante-au-travail\/sante-psychologique-au-travail.html\" target=\"_blank\">Voir en ligne<\/a>\n                                    <\/div>\n                                                                  <\/div>\n                              <\/li>\n                                                          <li class=\"outils-list__el\">\n                                <h4 class=\"outils-list__title\">Norme CAN\/BNQ\u202f9700-800\u00a0Entreprise en sant\u00e9 \u2014 Pr\u00e9vention, promotion et pratiques organisationnelles favorables \u00e0 la sant\u00e9 et au mieux-\u00eatre en milieu de travail\u00a0<\/h4>\n                                <div class=\"outils-list__content\">\n                                  <div class=\"outils-list__content__desc\"><!-- wp:paragraph -->\n<p>Cette\u00a0norme vise la cr\u00e9ation de conditions en milieu de travail favorisant l\u2019adoption et le maintien de saines habitudes de vie par les membres du personnel et l\u2019am\u00e9lioration durable de la sant\u00e9 et du mieux-\u00eatre des personnes en milieu de travail.\u00a0<\/p>\n<!-- \/wp:paragraph --><\/div>\n                                                                      <div class=\"outils-list__content__btn\">\n                                      <a class=\"btn btn-right-arrow\" href=\"https:\/\/bnq.qc.ca\/fr\/normalisation\/sante-au-travail\/entreprise-en-sante.html\" target=\"_blank\">Voir en ligne<\/a>\n                                    <\/div>\n                                                                  <\/div>\n                              <\/li>\n                                                          <li class=\"outils-list__el\">\n                                <h4 class=\"outils-list__title\">Norme BNQ\u202f3009-600\u00a0Contamination des habitations par les moisissures \u2013 Investigation de la contamination et r\u00e9habilitation du b\u00e2timent\u00a0<\/h4>\n                                <div class=\"outils-list__content\">\n                                  <div class=\"outils-list__content__desc\"><!-- wp:paragraph -->\n<p>Cette\u00a0norme encadre l\u2019investigation, le diagnostic et les mesures de d\u00e9contamination appropri\u00e9es lorsqu\u2019il y a prolif\u00e9ration de moisissures dans les b\u00e2timents r\u00e9sidentiels.\u00a0\u00a0<\/p>\n<!-- \/wp:paragraph --><\/div>\n                                                                      <div class=\"outils-list__content__btn\">\n                                      <a class=\"btn btn-right-arrow\" href=\"https:\/\/bnq.qc.ca\/fr\/normalisation\/construction\/contamination-des-habitations-par-les-moisissures.html\" target=\"_blank\">Voir en ligne<\/a>\n                                    <\/div>\n                                                                  <\/div>\n                              <\/li>\n                                                          <li class=\"outils-list__el\">\n                                <h4 class=\"outils-list__title\">Norme BNQ\u202f3009-610\u00a0Contamination des habitations par\u00a0la m\u00e9rule\u00a0\u2013 Investigation et r\u00e9habilitation du b\u00e2timent<\/h4>\n                                <div class=\"outils-list__content\">\n                                  <div class=\"outils-list__content__desc\"><!-- wp:paragraph -->\n<p>Cette\u00a0norme sp\u00e9cifie les exigences relatives \u00e0 l\u2019\u00e9valuation de la contamination des b\u00e2timents par\u00a0la m\u00e9rule pleureuse, en vue de confirmer sa pr\u00e9sence ou son absence.\u00a0Dans les cas o\u00f9 sa pr\u00e9sence est confirm\u00e9e,\u00a0la norme\u00a0permet\u00a0d\u2019en d\u00e9terminer les causes et d\u2019\u00e9valuer l\u2019ampleur de la contamination.<\/p>\n<!-- \/wp:paragraph --><\/div>\n                                                                      <div class=\"outils-list__content__btn\">\n                                      <a class=\"btn btn-right-arrow\" href=\"https:\/\/bnq.qc.ca\/fr\/normalisation\/construction\/contamination-des-habitations-par-la-merule.html\" target=\"_blank\">Voir en ligne<\/a>\n                                    <\/div>\n                                                                  <\/div>\n                              <\/li>\n                                                          <li class=\"outils-list__el\">\n                                <h4 class=\"outils-list__title\">Norme BNQ\u202f3009-500\u00a0B\u00e2timent d\u2019habitation\u00a0\u2013\u00a0Pratiques pour l\u2019inspection en vue d\u2019une transaction immobili\u00e8re\u00a0<\/h4>\n                                <div class=\"outils-list__content\">\n                                  <div class=\"outils-list__content__desc\"><!-- wp:paragraph -->\n<p>Cette\u00a0norme permet d\u2019\u00e9tablir et d\u2019uniformiser les pratiques lorsqu\u2019une inspection est r\u00e9alis\u00e9e en vue d\u2019une transaction immobili\u00e8re portant sur une unit\u00e9 priv\u00e9e d\u2019un b\u00e2timent d\u2019habitation ou sur un b\u00e2timent d\u2019habitation.\u00a0<\/p>\n<!-- \/wp:paragraph --><\/div>\n                                                                      <div class=\"outils-list__content__btn\">\n                                      <a class=\"btn btn-right-arrow\" href=\"https:\/\/bnq.qc.ca\/fr\/normalisation\/construction\/inspection-d-un-batiment-d-habitation.html\" target=\"_blank\">Voir en ligne<\/a>\n                                    <\/div>\n                                                                  <\/div>\n                              <\/li>\n                                                      <\/ul>\n                                            <\/div>\n                  <\/div>\n                                  <div class=\"accordion__item accordion__cont ac\" data-cat=\"bureau-des-soumissions-deposees-du-quebec-bsdq\">\n                    <button class=\"accordion__header-row ac-trigger ac-header accordion-sub-header\">\n                      <h3>Bureau des soumissions d\u00e9pos\u00e9es du Qu\u00e9bec (BSDQ) <\/h3>\n                      <span class=\"accordion__header__icon\">\n                        <span class=\"plus\"><\/span>\n                      <\/span>\n                    <\/button>\n                    <div class=\"ac-panel\">\n                                                                     <ul class=\"outils-list\">\n                                                          <li class=\"outils-list__el\">\n                                <h4 class=\"outils-list__title\">Code de soumission du Bureau des soumissions d\u00e9pos\u00e9es du Qu\u00e9bec<\/h4>\n                                <div class=\"outils-list__content\">\n                                  <div class=\"outils-list__content__desc\"><!-- wp:paragraph -->\n<p>Ce code vise \u00e0 d\u00e9terminer des r\u00e8gles de soumission communes \u00e0 tout appel d\u2019offres de fa\u00e7on \u00e0 am\u00e9liorer les services offerts au public, aux personnes qui demandent des soumissions et aux entrepreneurs qui soumissionnent ou qui re\u00e7oivent des soumissions.\u00a0<\/p>\n<!-- \/wp:paragraph --><\/div>\n                                                                      <div class=\"outils-list__content__btn\">\n                                      <a class=\"btn btn-right-arrow\" href=\"https:\/\/bsdq.org\/fr\/le-code\/le-code-de-soumission\/preambule\/\" target=\"_blank\">Voir en ligne<\/a>\n                                    <\/div>\n                                                                  <\/div>\n                              <\/li>\n                                                      <\/ul>\n                                            <\/div>\n                  <\/div>\n                                  <div class=\"accordion__item accordion__cont ac\" data-cat=\"bureau-du-design-de-montreal\">\n                    <button class=\"accordion__header-row ac-trigger ac-header accordion-sub-header\">\n                      <h3>Bureau du design de Montr\u00e9al <\/h3>\n                      <span class=\"accordion__header__icon\">\n                        <span class=\"plus\"><\/span>\n                      <\/span>\n                    <\/button>\n                    <div class=\"ac-panel\">\n                                                                     <ul class=\"outils-list\">\n                                                          <li class=\"outils-list__el\">\n                                <h4 class=\"outils-list__title\">Cahiers des bonnes pratiques pour la qualit\u00e9 en design et en architecture des projets industriels montr\u00e9alais<\/h4>\n                                <div class=\"outils-list__content\">\n                                  <div class=\"outils-list__content__desc\"><!-- wp:paragraph -->\n<p>Ces cahiers\u00a0offrent des pistes de solution concr\u00e8tes pour inspirer l\u2019action et orienter les \u00e9changes entre les entreprises, les promoteurs et les d\u00e9cideurs.\u00a0<\/p>\n<!-- \/wp:paragraph --><\/div>\n                                                                      <div class=\"outils-list__content__btn\">\n                                      <a class=\"btn btn-right-arrow\" href=\"https:\/\/designmontreal.com\/nouvelles\/publication-des-cahiers-des-bonnes-pratiques-pour-les-projets-industriels-montrealais\" target=\"_blank\">Voir en ligne<\/a>\n                                    <\/div>\n                                                                  <\/div>\n                              <\/li>\n                                                          <li class=\"outils-list__el\">\n                                <h4 class=\"outils-list__title\">Outil de r\u00e9f\u00e9rence pour une d\u00e9marche d\u2019exp\u00e9rimentation en design de services publics<\/h4>\n                                <div class=\"outils-list__content\">\n                                  <div class=\"outils-list__content__desc\"><!-- wp:paragraph -->\n<p>Ce document aborde les d\u00e9marches d\u2019innovation et la mise en\u00a0\u0153uvre\u00a0de projets ax\u00e9s sur l\u2019am\u00e9lioration des espaces et\u00a0des\u00a0services publics. Le processus pr\u00e9sent\u00e9 vise \u00e0 inspirer et\u00a0\u00e0\u00a0faciliter la mise en place de d\u00e9marches similaires dans d\u2019autres biblioth\u00e8ques et \u00e9quipements culturels que ceux pr\u00e9sent\u00e9s, et ainsi tendre \u00e0 des espaces et\u00a0\u00e0\u00a0des services publics plus r\u00e9silients.\u00a0<\/p>\n<!-- \/wp:paragraph --><\/div>\n                                                                      <div class=\"outils-list__content__btn\">\n                                      <a class=\"btn btn-right-arrow\" href=\"https:\/\/designmontreal.com\/s3fs-public\/2025-06\/ohisse_outil_vf07112024-3.pdf?VersionId=k3xJnyDd.4PKG.cNczWU6RtKrIu.IcA\" target=\"_blank\">Voir en ligne<\/a>\n                                    <\/div>\n                                                                  <\/div>\n                              <\/li>\n                                                          <li class=\"outils-list__el\">\n                                <h4 class=\"outils-list__title\">Guide En perspectives<\/h4>\n                                <div class=\"outils-list__content\">\n                                  <div class=\"outils-list__content__desc\"><!-- wp:paragraph -->\n<p>Ce guide offre des outils d\u2019aide \u00e0 la planification, \u00e0 la prise de d\u00e9cision et \u00e0 la r\u00e9troaction, pour permettre aux\u00a0professionnelles et\u00a0professionnels du design de d\u00e9velopper des r\u00e9flexes plus inclusifs dans leur pratique.\u00a0<\/p>\n<!-- \/wp:paragraph --><\/div>\n                                                                      <div class=\"outils-list__content__btn\">\n                                      <a class=\"btn btn-right-arrow\" href=\"https:\/\/designmontreal.com\/s3fs-public\/2025-06\/ohisse_outil_vf07112024-3.pdf?VersionId=k3xJnyDd.4PKG.cNczWU6RtKrIu.IcA\" target=\"_blank\">Voir en ligne<\/a>\n                                    <\/div>\n                                                                  <\/div>\n                              <\/li>\n                                                      <\/ul>\n                                            <\/div>\n                  <\/div>\n                              <\/div>\n                      <\/div>\n        <\/div>\n      <\/div>\n          <div id=\"letter-C\" class=\"accordion__cont ac\" data-letter=\"C\">\n        <div class=\"accordion__accordion\">\n          <button class=\"accordion__header-row accordion-toggle ac-header ac-trigger\">\n            <h3 class=\"accordion__header__title\">C<\/h3>\n            <span class=\"accordion__header__icon\" role=\"presentation\">\n              <span class=\"icon-chevron-down\"><\/span>\n            <\/span>\n          <\/button>\n  \n          <div class=\"accordion__sub-rows wysiwyg ac-panel\">\n                          <div class=\"accordion__category-list accordion-sub accordion-container\">\n                                  <div class=\"accordion__item accordion__cont ac\" data-cat=\"centre-detudes-et-de-recherches-intersectorielles-en-economie-circulaire-ceriec\">\n                    <button class=\"accordion__header-row ac-trigger ac-header accordion-sub-header\">\n                      <h3>Centre d\u2019\u00e9tudes et de recherches intersectorielles en \u00e9conomie circulaire (CERIEC) <\/h3>\n                      <span class=\"accordion__header__icon\">\n                        <span class=\"plus\"><\/span>\n                      <\/span>\n                    <\/button>\n                    <div class=\"ac-panel\">\n                                                                     <ul class=\"outils-list\">\n                                                          <li class=\"outils-list__el\">\n                                <h4 class=\"outils-list__title\">Plateforme du\u00a0Lab\u00a0construction\u00a0<\/h4>\n                                <div class=\"outils-list__content\">\n                                  <div class=\"outils-list__content__desc\"><!-- wp:paragraph -->\n<p>Cette\u00a0plateforme pr\u00e9sente des outils, des \u00e9tudes de cas, des webinaires et diverses ressources visant \u00e0 incorporer les strat\u00e9gies d\u2019\u00e9conomie circulaire dans le secteur de la construction.<\/p>\n<!-- \/wp:paragraph --><\/div>\n                                                                      <div class=\"outils-list__content__btn\">\n                                      <a class=\"btn btn-right-arrow\" href=\"https:\/\/constructioncirculaire.com\/\" target=\"_blank\">Voir en ligne<\/a>\n                                    <\/div>\n                                                                  <\/div>\n                              <\/li>\n                                                      <\/ul>\n                                            <\/div>\n                  <\/div>\n                                  <div class=\"accordion__item accordion__cont ac\" data-cat=\"comite-canadien-des-documents-de-construction-ccdc\">\n                    <button class=\"accordion__header-row ac-trigger ac-header accordion-sub-header\">\n                      <h3>Comit\u00e9 canadien des documents de construction (CCDC) <\/h3>\n                      <span class=\"accordion__header__icon\">\n                        <span class=\"plus\"><\/span>\n                      <\/span>\n                    <\/button>\n                    <div class=\"ac-panel\">\n                                                                     <ul class=\"outils-list\">\n                                                          <li class=\"outils-list__el\">\n                                <h4 class=\"outils-list__title\">Documents normalis\u00e9s, dont des contrats et des guides<\/h4>\n                                <div class=\"outils-list__content\">\n                                  <div class=\"outils-list__content__desc\"><!-- wp:paragraph -->\n<p>Le\u00a0CCDC\u00a0est un comit\u00e9 national mixte responsable de l\u2019\u00e9laboration, de la production et de la r\u00e9vision de documents normalis\u00e9s de la construction, tels les contrats, les formules et les guides.<\/p>\n<!-- \/wp:paragraph --><\/div>\n                                                                      <div class=\"outils-list__content__btn\">\n                                      <a class=\"btn btn-right-arrow\" href=\"https:\/\/www.ccdc.org\/fr\/documents\/\" target=\"_blank\">Voir en ligne<\/a>\n                                    <\/div>\n                                                                  <\/div>\n                              <\/li>\n                                                      <\/ul>\n                                            <\/div>\n                  <\/div>\n                                  <div class=\"accordion__item accordion__cont ac\" data-cat=\"commission-des-normes-de-lequite-de-la-sante-et-de-la-securite-du-travail-cnesst\">\n                    <button class=\"accordion__header-row ac-trigger ac-header accordion-sub-header\">\n                      <h3>Commission des normes, de l\u2019\u00e9quit\u00e9, de la sant\u00e9 et de la s\u00e9curit\u00e9 du travail (CNESST) <\/h3>\n                      <span class=\"accordion__header__icon\">\n                        <span class=\"plus\"><\/span>\n                      <\/span>\n                    <\/button>\n                    <div class=\"ac-panel\">\n                                                                     <ul class=\"outils-list\">\n                                                          <li class=\"outils-list__el\">\n                                <h4 class=\"outils-list__title\">Commission des normes, de l\u2019\u00e9quit\u00e9, de la sant\u00e9 et de la s\u00e9curit\u00e9 du travail (CNESST)<\/h4>\n                                <div class=\"outils-list__content\">\n                                  <div class=\"outils-list__content__desc\"><!-- wp:paragraph -->\n<p>La CNESST fait la promotion des droits et des obligations en mati\u00e8re de travail et en assure le respect aupr\u00e8s\u00a0du personnel,\u00a0ainsi que\u00a0des employeurs qu\u00e9b\u00e9cois. Le site offre des informations sur les normes du travail, la sant\u00e9 et\u00a0la\u00a0s\u00e9curit\u00e9 au travail, l\u2019\u00e9quit\u00e9 salariale ainsi que la discrimination et le harc\u00e8lement en milieu de travail.\u00a0<\/p>\n<!-- \/wp:paragraph --><\/div>\n                                                                      <div class=\"outils-list__content__btn\">\n                                      <a class=\"btn btn-right-arrow\" href=\"https:\/\/www.cnesst.gouv.qc.ca\/fr\" target=\"_blank\">Voir en ligne<\/a>\n                                    <\/div>\n                                                                  <\/div>\n                              <\/li>\n                                                      <\/ul>\n                                            <\/div>\n                  <\/div>\n                                  <div class=\"accordion__item accordion__cont ac\" data-cat=\"conseil-de-lenveloppe-du-batiment-du-quebec-cebq\">\n                    <button class=\"accordion__header-row ac-trigger ac-header accordion-sub-header\">\n                      <h3>Conseil de l\u2019enveloppe du b\u00e2timent du Qu\u00e9bec (CEBQ) <\/h3>\n                      <span class=\"accordion__header__icon\">\n                        <span class=\"plus\"><\/span>\n                      <\/span>\n                    <\/button>\n                    <div class=\"ac-panel\">\n                                                                     <ul class=\"outils-list\">\n                                                          <li class=\"outils-list__el\">\n                                <h4 class=\"outils-list__title\">R\u00e9f\u00e9rences\u00a0<\/h4>\n                                <div class=\"outils-list__content\">\n                                  <div class=\"outils-list__content__desc\"><!-- wp:paragraph -->\n<p>Cet\u00a0onglet du site web donne acc\u00e8s aux pr\u00e9sentations des conf\u00e9rences, qui abordent divers aspects techniques de la construction reli\u00e9s\u00a0\u00e0 l\u2019enveloppe du b\u00e2timent.\u00a0\u00a0<\/p>\n<!-- \/wp:paragraph --><\/div>\n                                                                      <div class=\"outils-list__content__btn\">\n                                      <a class=\"btn btn-right-arrow\" href=\"https:\/\/cebq.org\/references\/\" target=\"_blank\">Voir en ligne<\/a>\n                                    <\/div>\n                                                                  <\/div>\n                              <\/li>\n                                                      <\/ul>\n                                            <\/div>\n                  <\/div>\n                                  <div class=\"accordion__item accordion__cont ac\" data-cat=\"conseil-national-de-recherches-canada-cnrc\">\n                    <button class=\"accordion__header-row ac-trigger ac-header accordion-sub-header\">\n                      <h3>Conseil national de recherches Canada (CNRC) <\/h3>\n                      <span class=\"accordion__header__icon\">\n                        <span class=\"plus\"><\/span>\n                      <\/span>\n                    <\/button>\n                    <div class=\"ac-panel\">\n                                                                     <ul class=\"outils-list\">\n                                                          <li class=\"outils-list__el\">\n                                <h4 class=\"outils-list__title\">Guide de l\u2019utilisateur du Code national de l\u2019\u00e9nergie pour les b\u00e2timents\u00a0\u2013\u00a0Canada\u202f2020\u00a0<\/h4>\n                                <div class=\"outils-list__content\">\n                                  <div class=\"outils-list__content__desc\"><!-- wp:paragraph -->\n<p>Ce guide pr\u00e9sente des orientations, des exemples et des calculs afin d\u2019aider les\u00a0personnes concern\u00e9es\u00a0\u00e0 comprendre les dispositions du\u00a0Code national de l\u2019\u00e9nergie pour les b\u00e2timents \u2013 Canada\u202f2020\u00a0(CN\u00c9B). Il constitue un outil de r\u00e9f\u00e9rence utile pour quiconque participe \u00e0 la conception, \u00e0 la construction ou \u00e0 la r\u00e9glementation des b\u00e2timents. Il fournit des indications sur les dispositions du CN\u00c9B\u00a0et\u00a0des exemples pratiques pour\u00a0faciliter la\u00a0compr\u00e9hension de\u00a0la conception \u00e9co\u00e9nerg\u00e9tique.\u00a0\u00a0<\/p>\n<!-- \/wp:paragraph --><\/div>\n                                                                      <div class=\"outils-list__content__btn\">\n                                      <a class=\"btn btn-right-arrow\" href=\"https:\/\/publications-cnrc.canada.ca\/fra\/voir\/objet\/?id=395a5b20-fbac-4d2d-ac82-faf05cf372bd\" target=\"_blank\">Voir en ligne<\/a>\n                                    <\/div>\n                                                                  <\/div>\n                              <\/li>\n                                                          <li class=\"outils-list__el\">\n                                <h4 class=\"outils-list__title\">Lignes directrices nationales en mati\u00e8re d\u2019analyse du cycle de vie de l\u2019ensemble du b\u00e2timent<\/h4>\n                                <div class=\"outils-list__content\">\n                                  <div class=\"outils-list__content__desc\"><!-- wp:paragraph -->\n<p>Ce document fournit des instructions d\u00e9taill\u00e9es sur la pratique de l\u2019analyse du cycle de vie (ACV) appliqu\u00e9e aux b\u00e2timents, en fonction des normes pertinentes et de divers buts. L\u2019objectif est d\u2019harmoniser la pratique de l\u2019ACV de l\u2019ensemble du b\u00e2timent entre diff\u00e9rentes \u00e9tudes, de faciliter l\u2019interpr\u00e9tation des normes pertinentes et de favoriser la conformit\u00e9 \u00e0 celles-ci.\u00a0<\/p>\n<!-- \/wp:paragraph --><\/div>\n                                                                      <div class=\"outils-list__content__btn\">\n                                      <a class=\"btn btn-right-arrow\" href=\"https:\/\/publications-cnrc.canada.ca\/fra\/voir\/td\/?id=f12f3c38-b7c4-42b6-934f-44a42b1bd88c\" target=\"_blank\">Voir en ligne<\/a>\n                                    <\/div>\n                                                                  <\/div>\n                              <\/li>\n                                                      <\/ul>\n                                            <\/div>\n                  <\/div>\n                              <\/div>\n                      <\/div>\n        <\/div>\n      <\/div>\n          <div id=\"letter-D\" class=\"accordion__cont ac\" data-letter=\"D\">\n        <div class=\"accordion__accordion\">\n          <button class=\"accordion__header-row accordion-toggle ac-header ac-trigger\">\n            <h3 class=\"accordion__header__title\">D<\/h3>\n            <span class=\"accordion__header__icon\" role=\"presentation\">\n              <span class=\"icon-chevron-down\"><\/span>\n            <\/span>\n          <\/button>\n  \n          <div class=\"accordion__sub-rows wysiwyg ac-panel\">\n                          <div class=\"accordion__category-list accordion-sub accordion-container\">\n                                  <div class=\"accordion__item accordion__cont ac\" data-cat=\"devis-et-construction-canada\">\n                    <button class=\"accordion__header-row ac-trigger ac-header accordion-sub-header\">\n                      <h3>Devis et construction Canada <\/h3>\n                      <span class=\"accordion__header__icon\">\n                        <span class=\"plus\"><\/span>\n                      <\/span>\n                    <\/button>\n                    <div class=\"ac-panel\">\n                                                                      <p>Aucun outil n&#039;est disponible dans cette cat\u00e9gorie.<\/p>\n                                              <\/div>\n                  <\/div>\n                              <\/div>\n                      <\/div>\n        <\/div>\n      <\/div>\n          <div id=\"letter-E\" class=\"accordion__cont ac\" data-letter=\"E\">\n        <div class=\"accordion__accordion\">\n          <button class=\"accordion__header-row accordion-toggle ac-header ac-trigger\">\n            <h3 class=\"accordion__header__title\">E<\/h3>\n            <span class=\"accordion__header__icon\" role=\"presentation\">\n              <span class=\"icon-chevron-down\"><\/span>\n            <\/span>\n          <\/button>\n  \n          <div class=\"accordion__sub-rows wysiwyg ac-panel\">\n                          <div class=\"accordion__category-list accordion-sub accordion-container\">\n                                  <div class=\"accordion__item accordion__cont ac\" data-cat=\"educaloi\">\n                    <button class=\"accordion__header-row ac-trigger ac-header accordion-sub-header\">\n                      <h3>Educaloi <\/h3>\n                      <span class=\"accordion__header__icon\">\n                        <span class=\"plus\"><\/span>\n                      <\/span>\n                    <\/button>\n                    <div class=\"ac-panel\">\n                                                                     <ul class=\"outils-list\">\n                                                          <li class=\"outils-list__el\">\n                                <h4 class=\"outils-list__title\">Dossier\u00a0\u2013\u00a0Cong\u00e9s et vacances\u202f: \u00e0 quoi ai-je le droit?\u00a0<\/h4>\n                                <div class=\"outils-list__content\">\n                                  <div class=\"outils-list__content__desc\"><!-- wp:paragraph -->\n<p>Ce dossier regroupe plusieurs informations concernant les conditions de travail\u00a0du personnel\u202f: cong\u00e9s f\u00e9ri\u00e9s, vacances, remplacement d\u2019heures suppl\u00e9mentaires, cong\u00e9s pour des raisons personnelles, etc.<\/p>\n<!-- \/wp:paragraph --><\/div>\n                                                                      <div class=\"outils-list__content__btn\">\n                                      <a class=\"btn btn-right-arrow\" href=\"https:\/\/educaloi.qc.ca\/dossier\/conges-vacances\/\" target=\"_blank\">Voir en ligne<\/a>\n                                    <\/div>\n                                                                  <\/div>\n                              <\/li>\n                                                          <li class=\"outils-list__el\">\n                                <h4 class=\"outils-list__title\">Dossier\u00a0\u2013\u00a0Entrepreneuriat\u202f: des sp\u00e9cialistes pour vous aider\u00a0<\/h4>\n                                <div class=\"outils-list__content\">\n                                  <div class=\"outils-list__content__desc\"><!-- wp:paragraph -->\n<p>Ce dossier rassemble du contenu informatif et des ressources\u00a0pour mieux comprendre\u00a0l\u2019entrepreneuriat.\u00a0<\/p>\n<!-- \/wp:paragraph --><\/div>\n                                                                      <div class=\"outils-list__content__btn\">\n                                      <a class=\"btn btn-right-arrow\" href=\"https:\/\/educaloi.qc.ca\/dossier\/entrepreneuriat-vos-questions-juridiques\/\" target=\"_blank\">Voir en ligne<\/a>\n                                    <\/div>\n                                                                  <\/div>\n                              <\/li>\n                                                      <\/ul>\n                                            <\/div>\n                  <\/div>\n                              <\/div>\n                      <\/div>\n        <\/div>\n      <\/div>\n          <div id=\"letter-F\" class=\"accordion__cont ac\" data-letter=\"F\">\n        <div class=\"accordion__accordion\">\n          <button class=\"accordion__header-row accordion-toggle ac-header ac-trigger\">\n            <h3 class=\"accordion__header__title\">F<\/h3>\n            <span class=\"accordion__header__icon\" role=\"presentation\">\n              <span class=\"icon-chevron-down\"><\/span>\n            <\/span>\n          <\/button>\n  \n          <div class=\"accordion__sub-rows wysiwyg ac-panel\">\n                          <p>Aucune cat\u00e9gorie disponible.<\/p>\n                      <\/div>\n        <\/div>\n      <\/div>\n          <div id=\"letter-G\" class=\"accordion__cont ac\" data-letter=\"G\">\n        <div class=\"accordion__accordion\">\n          <button class=\"accordion__header-row accordion-toggle ac-header ac-trigger\">\n            <h3 class=\"accordion__header__title\">G<\/h3>\n            <span class=\"accordion__header__icon\" role=\"presentation\">\n              <span class=\"icon-chevron-down\"><\/span>\n            <\/span>\n          <\/button>\n  \n          <div class=\"accordion__sub-rows wysiwyg ac-panel\">\n                          <div class=\"accordion__category-list accordion-sub accordion-container\">\n                                  <div class=\"accordion__item accordion__cont ac\" data-cat=\"garantie-de-construction-residentielle-gcr\">\n                    <button class=\"accordion__header-row ac-trigger ac-header accordion-sub-header\">\n                      <h3>Garantie de construction r\u00e9sidentielle (GCR) <\/h3>\n                      <span class=\"accordion__header__icon\">\n                        <span class=\"plus\"><\/span>\n                      <\/span>\n                    <\/button>\n                    <div class=\"ac-panel\">\n                                                                     <ul class=\"outils-list\">\n                                                          <li class=\"outils-list__el\">\n                                <h4 class=\"outils-list__title\">Fiches techniques<\/h4>\n                                <div class=\"outils-list__content\">\n                                  <div class=\"outils-list__content__desc\"><!-- wp:paragraph -->\n<p>Ces fiches techniques ont pour objectif d\u2019aider les entrepreneurs \u00e0 construire selon les codes et\u00a0les\u00a0normes en vigueur. Toutes les fiches ont \u00e9t\u00e9 r\u00e9vis\u00e9es selon les normes en vigueur du Code de construction\u202f2015. Les parties r\u00e9glementaires ont \u00e9t\u00e9 approuv\u00e9es par la R\u00e9gie du b\u00e2timent du Qu\u00e9bec.\u00a0\u00a0<\/p>\n<!-- \/wp:paragraph --><\/div>\n                                                                      <div class=\"outils-list__content__btn\">\n                                      <a class=\"btn btn-right-arrow\" href=\"https:\/\/www.garantiegcr.com\/fr\/entrepreneurs\/fiches-techniques\/\" target=\"_blank\">Voir en ligne<\/a>\n                                    <\/div>\n                                                                  <\/div>\n                              <\/li>\n                                                      <\/ul>\n                                            <\/div>\n                  <\/div>\n                              <\/div>\n                      <\/div>\n        <\/div>\n      <\/div>\n          <div id=\"letter-H\" class=\"accordion__cont ac\" data-letter=\"H\">\n        <div class=\"accordion__accordion\">\n          <button class=\"accordion__header-row accordion-toggle ac-header ac-trigger\">\n            <h3 class=\"accordion__header__title\">H<\/h3>\n            <span class=\"accordion__header__icon\" role=\"presentation\">\n              <span class=\"icon-chevron-down\"><\/span>\n            <\/span>\n          <\/button>\n  \n          <div class=\"accordion__sub-rows wysiwyg ac-panel\">\n                          <p>Aucune cat\u00e9gorie disponible.<\/p>\n                      <\/div>\n        <\/div>\n      <\/div>\n          <div id=\"letter-I\" class=\"accordion__cont ac\" data-letter=\"I\">\n        <div class=\"accordion__accordion\">\n          <button class=\"accordion__header-row accordion-toggle ac-header ac-trigger\">\n            <h3 class=\"accordion__header__title\">I<\/h3>\n            <span class=\"accordion__header__icon\" role=\"presentation\">\n              <span class=\"icon-chevron-down\"><\/span>\n            <\/span>\n          <\/button>\n  \n          <div class=\"accordion__sub-rows wysiwyg ac-panel\">\n                          <div class=\"accordion__category-list accordion-sub accordion-container\">\n                                  <div class=\"accordion__item accordion__cont ac\" data-cat=\"index-design\">\n                    <button class=\"accordion__header-row ac-trigger ac-header accordion-sub-header\">\n                      <h3>Index-Design <\/h3>\n                      <span class=\"accordion__header__icon\">\n                        <span class=\"plus\"><\/span>\n                      <\/span>\n                    <\/button>\n                    <div class=\"ac-panel\">\n                                                                     <ul class=\"outils-list\">\n                                                          <li class=\"outils-list__el\">\n                                <h4 class=\"outils-list__title\">Index-Design<\/h4>\n                                <div class=\"outils-list__content\">\n                                  <div class=\"outils-list__content__desc\"><!-- wp:paragraph -->\n<p>Index-Design aide les\u00a0professionnels\u00a0et professionnelles, ainsi que\u00a0les entreprises de l\u2019architecture, du design et de l\u2019am\u00e9nagement \u00e0 rayonner, \u00e0 actualiser leurs connaissances et \u00e0 tisser des liens d\u2019affaires. Il cherche \u00e0 outiller la communaut\u00e9 design\u00a0par\u00a0ses publications annuelles (<em>Guide 200\u202farchitectes et designers qu\u00e9b\u00e9cois<\/em>\u00a0et\u00a0<em>Guide 300\u202fadresses et r\u00e9f\u00e9rences design<\/em>), son infolettre mensuelle, ses conf\u00e9rences,\u00a0ses\u00a0formations et\u00a0ses\u00a0\u00e9v\u00e9nements.\u00a0<\/p>\n<!-- \/wp:paragraph --><\/div>\n                                                                      <div class=\"outils-list__content__btn\">\n                                      <a class=\"btn btn-right-arrow\" href=\"https:\/\/www.index-design.ca\/\" target=\"_blank\">Voir en ligne<\/a>\n                                    <\/div>\n                                                                  <\/div>\n                              <\/li>\n                                                      <\/ul>\n                                            <\/div>\n                  <\/div>\n                                  <div class=\"accordion__item accordion__cont ac\" data-cat=\"institut-de-la-statistique-du-quebec\">\n                    <button class=\"accordion__header-row ac-trigger ac-header accordion-sub-header\">\n                      <h3>Institut de la statistique du Qu\u00e9bec <\/h3>\n                      <span class=\"accordion__header__icon\">\n                        <span class=\"plus\"><\/span>\n                      <\/span>\n                    <\/button>\n                    <div class=\"ac-panel\">\n                                                                     <ul class=\"outils-list\">\n                                                          <li class=\"outils-list__el\">\n                                <h4 class=\"outils-list__title\">Fiche synth\u00e8se\u00a0\u2013\u00a0Honoraires moyens en 2024 pour des services d\u2019ing\u00e9nierie li\u00e9s \u00e0 des travaux de construction, entreprises de 5\u202femploy\u00e9(e)s et plus<\/h4>\n                                <div class=\"outils-list__content\">\n                                  <div class=\"outils-list__content__desc\"><!-- wp:paragraph -->\n<p>Cette fiche a \u00e9t\u00e9 produite\u00a0\u00e0 la\u00a0suite\u00a0de\u00a0l\u2019enqu\u00eate r\u00e9alis\u00e9e \u00e0 la demande du Secr\u00e9tariat du Conseil du tr\u00e9sor ayant pour objectif de collecter des donn\u00e9es sur les honoraires factur\u00e9s pour des services d\u2019ing\u00e9nierie li\u00e9s \u00e0 des travaux de construction au Qu\u00e9bec. Les informations recueillies ont permis de produire des fourchettes de taux horaires qui sont repr\u00e9sentatifs de ce qui est factur\u00e9 sur le march\u00e9 du travail pour ces services.\u00a0<\/p>\n<!-- \/wp:paragraph --><\/div>\n                                                                      <div class=\"outils-list__content__btn\">\n                                      <a class=\"btn btn-right-arrow\" href=\"https:\/\/statistique.quebec.ca\/fr\/fichier\/honoraires-moyens-2024-services-ingenierie-travaux-construction.pdf\" target=\"_blank\">Voir en ligne<\/a>\n                                    <\/div>\n                                                                  <\/div>\n                              <\/li>\n                                                          <li class=\"outils-list__el\">\n                                <h4 class=\"outils-list__title\">Fiche synth\u00e8se\u00a0\u2013\u00a0Honoraires moyens en 2024 pour des services d\u2019architecture li\u00e9s \u00e0 des travaux de construction, entreprises de 5\u202femploy\u00e9(e)s et plus<\/h4>\n                                <div class=\"outils-list__content\">\n                                  <div class=\"outils-list__content__desc\"><!-- wp:paragraph -->\n<p>Cette fiche a \u00e9t\u00e9 produite \u00e0\u00a0la suite de\u00a0l\u2019enqu\u00eate r\u00e9alis\u00e9e \u00e0 la demande du Secr\u00e9tariat du Conseil du tr\u00e9sor ayant pour objectif de collecter des donn\u00e9es sur les honoraires factur\u00e9s pour des services d\u2019architecture li\u00e9s \u00e0 des travaux de construction au Qu\u00e9bec. Les informations recueillies ont permis de produire des fourchettes de taux horaires qui sont repr\u00e9sentatifs de ce qui est factur\u00e9 sur le march\u00e9 du travail pour ces services.\u00a0<\/p>\n<!-- \/wp:paragraph --><\/div>\n                                                                      <div class=\"outils-list__content__btn\">\n                                      <a class=\"btn btn-right-arrow\" href=\"https:\/\/statistique.quebec.ca\/fr\/fichier\/honoraires-moyens-2024-services-architecture-travaux-construction.pdf\" target=\"_blank\">Voir en ligne<\/a>\n                                    <\/div>\n                                                                  <\/div>\n                              <\/li>\n                                                      <\/ul>\n                                            <\/div>\n                  <\/div>\n                                  <div class=\"accordion__item accordion__cont ac\" data-cat=\"institut-royal-darchitecture-du-canada-irac\">\n                    <button class=\"accordion__header-row ac-trigger ac-header accordion-sub-header\">\n                      <h3>Institut royal d\u2019architecture du Canada (IRAC) <\/h3>\n                      <span class=\"accordion__header__icon\">\n                        <span class=\"plus\"><\/span>\n                      <\/span>\n                    <\/button>\n                    <div class=\"ac-panel\">\n                                                                     <ul class=\"outils-list\">\n                                                          <li class=\"outils-list__el\">\n                                <h4 class=\"outils-list__title\">Un guide aidant \u00e0 d\u00e9terminer les honoraires appropri\u00e9s pour les services d\u2019un architecte (\u00e9dition\u202f2019)<\/h4>\n                                <div class=\"outils-list__content\">\n                                  <div class=\"outils-list__content__desc\"><!-- wp:paragraph -->\n<p>Ce guide a \u00e9t\u00e9 \u00e9labor\u00e9 pour permettre aux clients, aux agents d\u2019approvisionnement et aux architectes de d\u00e9terminer l\u2019\u00e9tendue des services d\u2019architecture et les honoraires pour ces services.\u00a0\u00a0<\/p>\n<!-- \/wp:paragraph --><\/div>\n                                                                      <div class=\"outils-list__content__btn\">\n                                      <a class=\"btn btn-right-arrow\" href=\"https:\/\/raic.org\/fr\/node\/67874\" target=\"_blank\">Voir en ligne<\/a>\n                                    <\/div>\n                                                                  <\/div>\n                              <\/li>\n                                                          <li class=\"outils-list__el\">\n                                <h4 class=\"outils-list__title\">Manuel canadien de pratique de l\u2019architecture<\/h4>\n                                <div class=\"outils-list__content\">\n                                  <div class=\"outils-list__content__desc\"><!-- wp:paragraph -->\n<p>Ce manuel s\u2019adresse aux architectes,\u00a0aux personnes\u00a0qui veulent acc\u00e9der \u00e0 la profession et \u00e0 quiconque souhaitant\u00a0mieux\u00a0la\u00a0comprendre. Il\u00a0vise \u00e0\u00a0\u00e9tablir un document de r\u00e9f\u00e9rence canadien en fournissant de l\u2019information actuelle et concise\u00a0sous forme de sommaires, de listes, de listes de contr\u00f4le, de tableaux et de mod\u00e8les, ainsi que des sources de r\u00e9f\u00e9rences additionnelles.\u00a0<\/p>\n<!-- \/wp:paragraph --><\/div>\n                                                                      <div class=\"outils-list__content__btn\">\n                                      <a class=\"btn btn-right-arrow\" href=\"https:\/\/chop.raic.ca\/fr\/home\/\" target=\"_blank\">Voir en ligne<\/a>\n                                    <\/div>\n                                                                  <\/div>\n                              <\/li>\n                                                      <\/ul>\n                                            <\/div>\n                  <\/div>\n                              <\/div>\n                      <\/div>\n        <\/div>\n      <\/div>\n          <div id=\"letter-J\" class=\"accordion__cont ac\" data-letter=\"J\">\n        <div class=\"accordion__accordion\">\n          <button class=\"accordion__header-row accordion-toggle ac-header ac-trigger\">\n            <h3 class=\"accordion__header__title\">J<\/h3>\n            <span class=\"accordion__header__icon\" role=\"presentation\">\n              <span class=\"icon-chevron-down\"><\/span>\n            <\/span>\n          <\/button>\n  \n          <div class=\"accordion__sub-rows wysiwyg ac-panel\">\n                          <p>Aucune cat\u00e9gorie disponible.<\/p>\n                      <\/div>\n        <\/div>\n      <\/div>\n          <div id=\"letter-K\" class=\"accordion__cont ac\" data-letter=\"K\">\n        <div class=\"accordion__accordion\">\n          <button class=\"accordion__header-row accordion-toggle ac-header ac-trigger\">\n            <h3 class=\"accordion__header__title\">K<\/h3>\n            <span class=\"accordion__header__icon\" role=\"presentation\">\n              <span class=\"icon-chevron-down\"><\/span>\n            <\/span>\n          <\/button>\n  \n          <div class=\"accordion__sub-rows wysiwyg ac-panel\">\n                          <div class=\"accordion__category-list accordion-sub accordion-container\">\n                                  <div class=\"accordion__item accordion__cont ac\" data-cat=\"kollectif\">\n                    <button class=\"accordion__header-row ac-trigger ac-header accordion-sub-header\">\n                      <h3>Kollectif <\/h3>\n                      <span class=\"accordion__header__icon\">\n                        <span class=\"plus\"><\/span>\n                      <\/span>\n                    <\/button>\n                    <div class=\"ac-panel\">\n                                                                     <ul class=\"outils-list\">\n                                                          <li class=\"outils-list__el\">\n                                <h4 class=\"outils-list__title\">Kollectif<\/h4>\n                                <div class=\"outils-list__content\">\n                                  <div class=\"outils-list__content__desc\"><!-- wp:paragraph -->\n<p>Kollectif\u00a0a pour mission d\u2019informer,\u00a0de\u00a0valoriser et\u00a0de\u00a0soutenir la communaut\u00e9 architecturale du Qu\u00e9bec. Sa plateforme inclut des nouvelles, des \u00e9v\u00e9nements \u00e0 venir, du contenu original qui vulgarise et met en valeur la profession d\u2019architecte (webs\u00e9ries,\u00a0balados, projets du mois), un r\u00e9pertoire \u00e9ditorial de firmes d\u2019architectes\u00a0et\u00a0un affichage d\u2019offres d\u2019emploi.\u00a0<\/p>\n<!-- \/wp:paragraph --><\/div>\n                                                                      <div class=\"outils-list__content__btn\">\n                                      <a class=\"btn btn-right-arrow\" href=\"https:\/\/kollectif.net\/\" target=\"_blank\">Voir en ligne<\/a>\n                                    <\/div>\n                                                                  <\/div>\n                              <\/li>\n                                                      <\/ul>\n                                            <\/div>\n                  <\/div>\n                              <\/div>\n                      <\/div>\n        <\/div>\n      <\/div>\n          <div id=\"letter-L\" class=\"accordion__cont ac\" data-letter=\"L\">\n        <div class=\"accordion__accordion\">\n          <button class=\"accordion__header-row accordion-toggle ac-header ac-trigger\">\n            <h3 class=\"accordion__header__title\">L<\/h3>\n            <span class=\"accordion__header__icon\" role=\"presentation\">\n              <span class=\"icon-chevron-down\"><\/span>\n            <\/span>\n          <\/button>\n  \n          <div class=\"accordion__sub-rows wysiwyg ac-panel\">\n                          <div class=\"accordion__category-list accordion-sub accordion-container\">\n                                  <div class=\"accordion__item accordion__cont ac\" data-cat=\"la-gazette-officielle-du-quebec\">\n                    <button class=\"accordion__header-row ac-trigger ac-header accordion-sub-header\">\n                      <h3>La Gazette officielle du Qu\u00e9bec <\/h3>\n                      <span class=\"accordion__header__icon\">\n                        <span class=\"plus\"><\/span>\n                      <\/span>\n                    <\/button>\n                    <div class=\"ac-panel\">\n                                                                     <ul class=\"outils-list\">\n                                                          <li class=\"outils-list__el\">\n                                <h4 class=\"outils-list__title\">La Gazette officielle du Qu\u00e9bec<\/h4>\n                                <div class=\"outils-list__content\">\n                                  <div class=\"outils-list__content__desc\"><!-- wp:paragraph -->\n<p>La Gazette officielle du Qu\u00e9bec, le journal officiel du gouvernement du Qu\u00e9bec, donne acc\u00e8s \u00e0 l\u2019ensemble des lois,\u00a0des\u00a0projets de r\u00e8glement,\u00a0des\u00a0r\u00e8glements,\u00a0des\u00a0d\u00e9crets,\u00a0des\u00a0arr\u00eat\u00e9s et\u00a0des\u00a0avis dont la publication est requise.\u00a0<\/p>\n<!-- \/wp:paragraph --><\/div>\n                                                                      <div class=\"outils-list__content__btn\">\n                                      <a class=\"btn btn-right-arrow\" href=\"https:\/\/www.publicationsduquebec.gouv.qc.ca\/gazette-officielle\/la-gazette-officielle-du-quebec\/\" target=\"_blank\">Voir en ligne<\/a>\n                                    <\/div>\n                                                                  <\/div>\n                              <\/li>\n                                                      <\/ul>\n                                            <\/div>\n                  <\/div>\n                                  <div class=\"accordion__item accordion__cont ac\" data-cat=\"lab-ecole\">\n                    <button class=\"accordion__header-row ac-trigger ac-header accordion-sub-header\">\n                      <h3>Lab-\u00c9cole <\/h3>\n                      <span class=\"accordion__header__icon\">\n                        <span class=\"plus\"><\/span>\n                      <\/span>\n                    <\/button>\n                    <div class=\"ac-panel\">\n                                                                     <ul class=\"outils-list\">\n                                                          <li class=\"outils-list__el\">\n                                <h4 class=\"outils-list__title\">Outils pour aider \u00e0 am\u00e9nager et \u00e0 choisir du mobilier scolaire<\/h4>\n                                <div class=\"outils-list__content\">\n                                  <div class=\"outils-list__content__desc\"><!-- wp:paragraph -->\n<p>Ce document propose sept outils pour aider \u00e0 planifier un projet d\u2019am\u00e9nagement scolaire et \u00e0 s\u2019assurer que les am\u00e9nagements et le mobilier correspondront aux besoins des \u00e9l\u00e8ves et de l\u2019\u00e9quipe-\u00e9cole.\u00a0<\/p>\n<!-- \/wp:paragraph --><\/div>\n                                                                      <div class=\"outils-list__content__btn\">\n                                      <a class=\"btn btn-right-arrow\" href=\"https:\/\/www.lab-ecole.com\/nos-outils\" target=\"_blank\">Voir en ligne<\/a>\n                                    <\/div>\n                                                                  <\/div>\n                              <\/li>\n                                                          <li class=\"outils-list__el\">\n                                <h4 class=\"outils-list__title\">Penser la cour de demain<\/h4>\n                                <div class=\"outils-list__content\">\n                                  <div class=\"outils-list__content__desc\"><!-- wp:paragraph -->\n<p>Cette publication vise \u00e0 approfondir le travail amorc\u00e9 dans le cadre de\u00a0la publication\u00a0<em>Penser l\u2019\u00e9cole de demain<\/em>. Elle s\u2019appuie sur une perspective \u00e0 hauteur d\u2019enfant dans la conception et la r\u00e9alisation de l\u2019environnement ext\u00e9rieur des \u00e9coles.\u00a0<\/p>\n<!-- \/wp:paragraph --><\/div>\n                                                                      <div class=\"outils-list__content__btn\">\n                                      <a class=\"btn btn-right-arrow\" href=\"https:\/\/static1.squarespace.com\/static\/64d381bb16be375843dc8175\/t\/65d8b08a4e847b0a90b6576c\/1723732960497\/Penser+la+cour+de+demain_Lab-Ecole_FR_Pour_Siteweb.+pdf.pdf\" target=\"_blank\">Voir en ligne<\/a>\n                                    <\/div>\n                                                                  <\/div>\n                              <\/li>\n                                                          <li class=\"outils-list__el\">\n                                <h4 class=\"outils-list__title\">Le mobilier int\u00e9gr\u00e9<\/h4>\n                                <div class=\"outils-list__content\">\n                                  <div class=\"outils-list__content__desc\"><!-- wp:paragraph -->\n<p>Ce fascicule, destin\u00e9 aux architectes et\u00a0aux\u00a0responsables de la conception\u00a0d\u2019\u00e9coles primaires, vise \u00e0 assurer une meilleure compr\u00e9hension des r\u00e9alit\u00e9s du milieu scolaire concernant le mobilier int\u00e9gr\u00e9.\u00a0<\/p>\n<!-- \/wp:paragraph --><\/div>\n                                                                      <div class=\"outils-list__content__btn\">\n                                      <a class=\"btn btn-right-arrow\" href=\"https:\/\/static1.squarespace.com\/static\/64d381bb16be375843dc8175\/t\/6723ea3d90bdfc59581d46fa\/1730406980616\/Fascicule+mobilier_integre-compresse%CC%81.pdf\" target=\"_blank\">Voir en ligne<\/a>\n                                    <\/div>\n                                                                  <\/div>\n                              <\/li>\n                                                          <li class=\"outils-list__el\">\n                                <h4 class=\"outils-list__title\">Am\u00e9nager les espaces scolaires<\/h4>\n                                <div class=\"outils-list__content\">\n                                  <div class=\"outils-list__content__desc\"><!-- wp:paragraph -->\n<p>Ce guide issu des travaux du\u00a0Lab-\u00c9cole a pour but d\u2019informer, d\u2019inspirer et d\u2019outiller ceux et celles qui s\u2019engagent dans un projet d\u2019am\u00e9nagement des espaces d\u2019une\u00a0\u00e9cole primaire. Comment s\u2019y prendre? Qui devrait\u00a0y\u00a0participer? Quelles sont les priorit\u00e9s?\u00a0\u00a0<\/p>\n<!-- \/wp:paragraph --><\/div>\n                                                                      <div class=\"outils-list__content__btn\">\n                                      <a class=\"btn btn-right-arrow\" href=\"https:\/\/static1.squarespace.com\/static\/64d381bb16be375843dc8175\/t\/67504e0a676dad6c863b232d\/1733316119456\/Ame%CC%81nager+les+espaces+scolaires_Lab-E%CC%81cole.pdf\" target=\"_blank\">Voir en ligne<\/a>\n                                    <\/div>\n                                                                  <\/div>\n                              <\/li>\n                                                      <\/ul>\n                                            <\/div>\n                  <\/div>\n                                  <div class=\"accordion__item accordion__cont ac\" data-cat=\"legisquebec\">\n                    <button class=\"accordion__header-row ac-trigger ac-header accordion-sub-header\">\n                      <h3>L\u00e9gisQu\u00e9bec <\/h3>\n                      <span class=\"accordion__header__icon\">\n                        <span class=\"plus\"><\/span>\n                      <\/span>\n                    <\/button>\n                    <div class=\"ac-panel\">\n                                                                     <ul class=\"outils-list\">\n                                                          <li class=\"outils-list__el\">\n                                <h4 class=\"outils-list__title\">Recueil des lois et\u00a0des\u00a0r\u00e8glements du Qu\u00e9bec (RLRQ)\u00a0<\/h4>\n                                <div class=\"outils-list__content\">\n                                  <div class=\"outils-list__content__desc\"><!-- wp:paragraph -->\n<p>Le Recueil des lois et\u00a0des\u00a0r\u00e8glements du Qu\u00e9bec (RLRQ)\u00a0est\u00a0le regroupement des lois et\u00a0des\u00a0r\u00e8glements \u00e0 caract\u00e8re g\u00e9n\u00e9ral et permanent. Ce recueil est maintenu \u00e0 jour en continu par le minist\u00e8re de la Justice, qui\u00a0y\u00a0int\u00e8gre les modifications apport\u00e9es par l\u2019Assembl\u00e9e nationale et le gouvernement.\u00a0On y trouve\u00a0notamment\u00a0la Loi sur les architectes\u00a0et\u00a0les divers r\u00e8glements qui en d\u00e9coulent.\u00a0<\/p>\n<!-- \/wp:paragraph --><\/div>\n                                                                      <div class=\"outils-list__content__btn\">\n                                      <a class=\"btn btn-right-arrow\" href=\"https:\/\/www.legisquebec.gouv.qc.ca\/fr\/chapitres?corpus=lois\" target=\"_blank\">Voir en ligne<\/a>\n                                    <\/div>\n                                                                  <\/div>\n                              <\/li>\n                                                      <\/ul>\n                                            <\/div>\n                  <\/div>\n                              <\/div>\n                      <\/div>\n        <\/div>\n      <\/div>\n          <div id=\"letter-M\" class=\"accordion__cont ac\" data-letter=\"M\">\n        <div class=\"accordion__accordion\">\n          <button class=\"accordion__header-row accordion-toggle ac-header ac-trigger\">\n            <h3 class=\"accordion__header__title\">M<\/h3>\n            <span class=\"accordion__header__icon\" role=\"presentation\">\n              <span class=\"icon-chevron-down\"><\/span>\n            <\/span>\n          <\/button>\n  \n          <div class=\"accordion__sub-rows wysiwyg ac-panel\">\n                          <div class=\"accordion__category-list accordion-sub accordion-container\">\n                                  <div class=\"accordion__item accordion__cont ac\" data-cat=\"ministere-de-la-culture-et-des-communications\">\n                    <button class=\"accordion__header-row ac-trigger ac-header accordion-sub-header\">\n                      <h3>Minist\u00e8re de la Culture et des Communications <\/h3>\n                      <span class=\"accordion__header__icon\">\n                        <span class=\"plus\"><\/span>\n                      <\/span>\n                    <\/button>\n                    <div class=\"ac-panel\">\n                                                                     <ul class=\"outils-list\">\n                                                          <li class=\"outils-list__el\">\n                                <h4 class=\"outils-list__title\">Aide-m\u00e9moire sur la qualit\u00e9 architecturale<\/h4>\n                                <div class=\"outils-list__content\">\n                                  <div class=\"outils-list__content__desc\"><!-- wp:paragraph -->\n<p>Cet outil compl\u00e9mentaire \u00e0 la\u00a0<em>Politique nationale de l\u2019architecture et de l\u2019am\u00e9nagement du territoire<\/em>\u00a0pr\u00e9sente de fa\u00e7on d\u00e9taill\u00e9e les\u00a0conditions de succ\u00e8s pour livrer une architecture publique de qualit\u00e9.\u00a0<\/p>\n<!-- \/wp:paragraph --><\/div>\n                                                                      <div class=\"outils-list__content__btn\">\n                                      <a class=\"btn btn-right-arrow\" href=\"https:\/\/cdn-contenu.quebec.ca\/cdn-contenu\/adm\/min\/culture-communications\/documents\/patrimoine\/Architecture\/Aide-memoire-qualite-architecturale.pdf\" target=\"_blank\">Voir en ligne<\/a>\n                                    <\/div>\n                                                                  <\/div>\n                              <\/li>\n                                                          <li class=\"outils-list__el\">\n                                <h4 class=\"outils-list__title\">Aide-m\u00e9moire\u00a0sur la qualit\u00e9 architecturale\u00a0\u2013\u00a0Synth\u00e8se<\/h4>\n                                <div class=\"outils-list__content\">\n                                  <div class=\"outils-list__content__desc\"><!-- wp:paragraph -->\n<p>Cet outil compl\u00e9mentaire \u00e0 la\u00a0<em>Politique nationale de l\u2019architecture et de l\u2019am\u00e9nagement du territoire<\/em>\u00a0offre un aper\u00e7u\u00a0condens\u00e9\u00a0des conditions de succ\u00e8s pour livrer une architecture publique de qualit\u00e9.\u00a0<\/p>\n<!-- \/wp:paragraph --><\/div>\n                                                                      <div class=\"outils-list__content__btn\">\n                                      <a class=\"btn btn-right-arrow\" href=\"https:\/\/cdn-contenu.quebec.ca\/cdn-contenu\/adm\/min\/culture-communications\/documents\/patrimoine\/Architecture\/Synthese-aide-memoire-qualite-architecturale.pdf\" target=\"_blank\">Voir en ligne<\/a>\n                                    <\/div>\n                                                                  <\/div>\n                              <\/li>\n                                                      <\/ul>\n                                            <\/div>\n                  <\/div>\n                                  <div class=\"accordion__item accordion__cont ac\" data-cat=\"ministere-des-ressources-naturelles-et-des-forets\">\n                    <button class=\"accordion__header-row ac-trigger ac-header accordion-sub-header\">\n                      <h3>Minist\u00e8re des Ressources naturelles et des For\u00eats <\/h3>\n                      <span class=\"accordion__header__icon\">\n                        <span class=\"plus\"><\/span>\n                      <\/span>\n                    <\/button>\n                    <div class=\"ac-panel\">\n                                                                     <ul class=\"outils-list\">\n                                                          <li class=\"outils-list__el\">\n                                <h4 class=\"outils-list__title\">Registre foncier du Qu\u00e9bec<\/h4>\n                                <div class=\"outils-list__content\">\n                                  <div class=\"outils-list__content__desc\"><!-- wp:paragraph -->\n<p>Ce Registre public retrace toutes les transactions immobili\u00e8res r\u00e9alis\u00e9es au Qu\u00e9bec.\u00a0<\/p>\n<!-- \/wp:paragraph --><\/div>\n                                                                      <div class=\"outils-list__content__btn\">\n                                      <a class=\"btn btn-right-arrow\" href=\"https:\/\/www.registrefoncier.gouv.qc.ca\/Sirf\/\" target=\"_blank\">Voir en ligne<\/a>\n                                    <\/div>\n                                                                  <\/div>\n                              <\/li>\n                                                          <li class=\"outils-list__el\">\n                                <h4 class=\"outils-list__title\">Registre public\u00a0Infolot<\/h4>\n                                <div class=\"outils-list__content\">\n                                  <div class=\"outils-list__content__desc\"><!-- wp:paragraph -->\n<p>Infolot\u00a0permet la consultation en ligne du Cadastre du Qu\u00e9bec. Ce registre public repr\u00e9sente sur un plan les propri\u00e9t\u00e9s fonci\u00e8res priv\u00e9es du Qu\u00e9bec en leur attribuant un num\u00e9ro de lot distinct.\u00a0<\/p>\n<!-- \/wp:paragraph --><\/div>\n                                                                      <div class=\"outils-list__content__btn\">\n                                      <a class=\"btn btn-right-arrow\" href=\"https:\/\/appli.foncier.gouv.qc.ca\/infolot\/\" target=\"_blank\">Voir en ligne<\/a>\n                                    <\/div>\n                                                                  <\/div>\n                              <\/li>\n                                                      <\/ul>\n                                            <\/div>\n                  <\/div>\n                              <\/div>\n                      <\/div>\n        <\/div>\n      <\/div>\n          <div id=\"letter-N\" class=\"accordion__cont ac\" data-letter=\"N\">\n        <div class=\"accordion__accordion\">\n          <button class=\"accordion__header-row accordion-toggle ac-header ac-trigger\">\n            <h3 class=\"accordion__header__title\">N<\/h3>\n            <span class=\"accordion__header__icon\" role=\"presentation\">\n              <span class=\"icon-chevron-down\"><\/span>\n            <\/span>\n          <\/button>\n  \n          <div class=\"accordion__sub-rows wysiwyg ac-panel\">\n                          <p>Aucune cat\u00e9gorie disponible.<\/p>\n                      <\/div>\n        <\/div>\n      <\/div>\n          <div id=\"letter-O\" class=\"accordion__cont ac\" data-letter=\"O\">\n        <div class=\"accordion__accordion\">\n          <button class=\"accordion__header-row accordion-toggle ac-header ac-trigger\">\n            <h3 class=\"accordion__header__title\">O<\/h3>\n            <span class=\"accordion__header__icon\" role=\"presentation\">\n              <span class=\"icon-chevron-down\"><\/span>\n            <\/span>\n          <\/button>\n  \n          <div class=\"accordion__sub-rows wysiwyg ac-panel\">\n                          <div class=\"accordion__category-list accordion-sub accordion-container\">\n                                  <div class=\"accordion__item accordion__cont ac\" data-cat=\"office-quebecois-de-la-langue-francaise\">\n                    <button class=\"accordion__header-row ac-trigger ac-header accordion-sub-header\">\n                      <h3>Office qu\u00e9b\u00e9cois de la langue fran\u00e7aise <\/h3>\n                      <span class=\"accordion__header__icon\">\n                        <span class=\"plus\"><\/span>\n                      <\/span>\n                    <\/button>\n                    <div class=\"ac-panel\">\n                                                                     <ul class=\"outils-list\">\n                                                          <li class=\"outils-list__el\">\n                                <h4 class=\"outils-list__title\">La Vitrine linguistique\u00a0<\/h4>\n                                <div class=\"outils-list__content\">\n                                  <div class=\"outils-list__content__desc\"><!-- wp:paragraph -->\n<p>Ce site met \u00e0 la disposition de\u00a0la population\u00a0deux outils de r\u00e9f\u00e9rence en lien avec la langue fran\u00e7aise\u202f:\u00a0La\u00a0<em>Banque de d\u00e9pannage linguistique<\/em>\u00a0r\u00e9pond aux questions concernant la grammaire, la syntaxe, la ponctuation, les emprunts \u00e0 l\u2019anglais et plusieurs autres sujets li\u00e9s \u00e0 la r\u00e9daction. On y trouve notamment des mod\u00e8les de communications \u00e9crites. <\/p>\n<!-- \/wp:paragraph -->\n\n<!-- wp:paragraph -->\n<p>Le\u00a0<em>Grand dictionnaire terminologique<\/em>\u00a0permet de trouver des termes fran\u00e7ais li\u00e9s \u00e0 des domaines sp\u00e9cialis\u00e9s ainsi que les d\u00e9finitions correspondantes.\u00a0<\/p>\n<!-- \/wp:paragraph --><\/div>\n                                                                      <div class=\"outils-list__content__btn\">\n                                      <a class=\"btn btn-right-arrow\" href=\"https:\/\/vitrinelinguistique.oqlf.gouv.qc.ca\/\" target=\"_blank\">Voir en ligne<\/a>\n                                    <\/div>\n                                                                  <\/div>\n                              <\/li>\n                                                      <\/ul>\n                                            <\/div>\n                  <\/div>\n                              <\/div>\n                      <\/div>\n        <\/div>\n      <\/div>\n          <div id=\"letter-P\" class=\"accordion__cont ac\" data-letter=\"P\">\n        <div class=\"accordion__accordion\">\n          <button class=\"accordion__header-row accordion-toggle ac-header ac-trigger\">\n            <h3 class=\"accordion__header__title\">P<\/h3>\n            <span class=\"accordion__header__icon\" role=\"presentation\">\n              <span class=\"icon-chevron-down\"><\/span>\n            <\/span>\n          <\/button>\n  \n          <div class=\"accordion__sub-rows wysiwyg ac-panel\">\n                          <p>Aucune cat\u00e9gorie disponible.<\/p>\n                      <\/div>\n        <\/div>\n      <\/div>\n          <div id=\"letter-Q\" class=\"accordion__cont ac\" data-letter=\"Q\">\n        <div class=\"accordion__accordion\">\n          <button class=\"accordion__header-row accordion-toggle ac-header ac-trigger\">\n            <h3 class=\"accordion__header__title\">Q<\/h3>\n            <span class=\"accordion__header__icon\" role=\"presentation\">\n              <span class=\"icon-chevron-down\"><\/span>\n            <\/span>\n          <\/button>\n  \n          <div class=\"accordion__sub-rows wysiwyg ac-panel\">\n                          <p>Aucune cat\u00e9gorie disponible.<\/p>\n                      <\/div>\n        <\/div>\n      <\/div>\n          <div id=\"letter-R\" class=\"accordion__cont ac\" data-letter=\"R\">\n        <div class=\"accordion__accordion\">\n          <button class=\"accordion__header-row accordion-toggle ac-header ac-trigger\">\n            <h3 class=\"accordion__header__title\">R<\/h3>\n            <span class=\"accordion__header__icon\" role=\"presentation\">\n              <span class=\"icon-chevron-down\"><\/span>\n            <\/span>\n          <\/button>\n  \n          <div class=\"accordion__sub-rows wysiwyg ac-panel\">\n                          <div class=\"accordion__category-list accordion-sub accordion-container\">\n                                  <div class=\"accordion__item accordion__cont ac\" data-cat=\"recyc-quebec\">\n                    <button class=\"accordion__header-row ac-trigger ac-header accordion-sub-header\">\n                      <h3>RECYC-QU\u00c9BEC <\/h3>\n                      <span class=\"accordion__header__icon\">\n                        <span class=\"plus\"><\/span>\n                      <\/span>\n                    <\/button>\n                    <div class=\"ac-panel\">\n                                                                     <ul class=\"outils-list\">\n                                                          <li class=\"outils-list__el\">\n                                <h4 class=\"outils-list__title\">Pr\u00e9venir et mieux g\u00e9rer les r\u00e9sidus de construction, de r\u00e9novation et de d\u00e9molition (CRD)\u00a0<\/h4>\n                                <div class=\"outils-list__content\">\n                                  <div class=\"outils-list__content__desc\"><!-- wp:paragraph -->\n<p>Cette\u00a0page offre des ressources\u00a0sur\u00a0les r\u00e9sidus de CRD\u202f:\u00a0carte des installations de traitement au Qu\u00e9bec, liste des centres de tri, outil de clauses de gestion des mati\u00e8res r\u00e9siduelles\u00a0(pr\u00e9r\u00e9dig\u00e9es et personnalisables) et\u00a0outil de recherche de d\u00e9bouch\u00e9s pour certaines mati\u00e8res.\u00a0<\/p>\n<!-- \/wp:paragraph --><\/div>\n                                                                      <div class=\"outils-list__content__btn\">\n                                      <a class=\"btn btn-right-arrow\" href=\"https:\/\/www.recyc-quebec.gouv.qc.ca\/entreprises-organismes\/performer\/crd\/\" target=\"_blank\">Voir en ligne<\/a>\n                                    <\/div>\n                                                                  <\/div>\n                              <\/li>\n                                                      <\/ul>\n                                            <\/div>\n                  <\/div>\n                                  <div class=\"accordion__item accordion__cont ac\" data-cat=\"regie-du-batiment-du-quebec-rbq\">\n                    <button class=\"accordion__header-row ac-trigger ac-header accordion-sub-header\">\n                      <h3>R\u00e9gie du b\u00e2timent du Qu\u00e9bec (RBQ) <\/h3>\n                      <span class=\"accordion__header__icon\">\n                        <span class=\"plus\"><\/span>\n                      <\/span>\n                    <\/button>\n                    <div class=\"ac-panel\">\n                                                                     <ul class=\"outils-list\">\n                                                          <li class=\"outils-list__el\">\n                                <h4 class=\"outils-list__title\">Directives techniques et administratives relatives au chapitre B\u00e2timent du Code de s\u00e9curit\u00e9\u00a0<\/h4>\n                                <div class=\"outils-list__content\">\n                                  <div class=\"outils-list__content__desc\"><!-- wp:paragraph -->\n<p>Afin d\u2019am\u00e9liorer la compr\u00e9hension de certains articles ou d\u2019y apporter des pr\u00e9cisions, la RBQ pr\u00e9sente des interpr\u00e9tations ainsi que des directives techniques et administratives relatives au chapitre B\u00e2timent du Code de s\u00e9curit\u00e9.\u00a0Elles portent notamment\u00a0sur les exigences applicables aux r\u00e9sidences priv\u00e9es pour a\u00een\u00e9s (RPA), les m\u00e9canismes de verrouillage \u00e9lectromagn\u00e9tique\u00a0et\u00a0sur\u00a0un r\u00e9sum\u00e9 des exigences de s\u00e9curit\u00e9 incendie s\u2019appliquant aux b\u00e2timents d\u2019habitation abritant des lieux de sommeil.\u00a0<\/p>\n<!-- \/wp:paragraph --><\/div>\n                                                                      <div class=\"outils-list__content__btn\">\n                                      <a class=\"btn btn-right-arrow\" href=\"https:\/\/www.rbq.gouv.qc.ca\/domaines-dintervention\/batiment\/interpretation-directives-techniques-et-administratives\/chapitre-batiment-du-code-de-securite\/\" target=\"_blank\">Voir en ligne<\/a>\n                                    <\/div>\n                                                                  <\/div>\n                              <\/li>\n                                                          <li class=\"outils-list__el\">\n                                <h4 class=\"outils-list__title\">Interpr\u00e9tation, directives techniques et administratives relatives au chapitre B\u00e2timent du Code de construction<\/h4>\n                                <div class=\"outils-list__content\">\n                                  <div class=\"outils-list__content__desc\"><!-- wp:paragraph -->\n<p>Afin d\u2019am\u00e9liorer la compr\u00e9hension de certains articles ou d\u2019y apporter des pr\u00e9cisions, la RBQ pr\u00e9sente des interpr\u00e9tations ainsi que des directives techniques et\u00a0administratives relatives au chapitre B\u00e2timent du Code de construction.\u00a0Elles\u00a0portent\u00a0notamment\u00a0sur\u00a0l\u2019\u00e9valuation du niveau moyen du sol,\u00a0les\u00a0conditions\u00a0permettant de ne pas consid\u00e9rer une mezzanine\u00a0comme un \u00e9tage\u00a0et\u00a0l\u2019\u00e9vacuation des locaux techniques via un sas.\u00a0<\/p>\n<!-- \/wp:paragraph --><\/div>\n                                                                      <div class=\"outils-list__content__btn\">\n                                      <a class=\"btn btn-right-arrow\" href=\"https:\/\/www.rbq.gouv.qc.ca\/domaines-dintervention\/batiment\/interpretation-directives-techniques-et-administratives\/chapitre-batiment-du-code-de-construction\/\" target=\"_blank\">Voir en ligne<\/a>\n                                    <\/div>\n                                                                  <\/div>\n                              <\/li>\n                                                          <li class=\"outils-list__el\">\n                                <h4 class=\"outils-list__title\">Calculateurs de r\u00e9sistance thermique effective<\/h4>\n                                <div class=\"outils-list__content\">\n                                  <div class=\"outils-list__content__desc\"><!-- wp:paragraph -->\n<p>Ces calculateurs, en format Excel, permettent de calculer la r\u00e9sistance thermique effective pour un assemblage (mur, plancher, plafond, toit) \u00e0 ossature de bois ou \u00e0 ossature m\u00e9tallique.\u00a0Ils sont accessibles dans\u00a0l\u2019onglet\u00a0Publications, o\u00f9 il suffit de\u00a0rechercher\u00a0le\u00a0mot-cl\u00e9 \u00ab\u202fcalculateur\u202f\u00bb;\u00a0trois fichiers\u00a0peuvent \u00eatre\u00a0t\u00e9l\u00e9charg\u00e9s.\u00a0<\/p>\n<!-- \/wp:paragraph --><\/div>\n                                                                      <div class=\"outils-list__content__btn\">\n                                      <a class=\"btn btn-right-arrow\" href=\"https:\/\/www.rbq.gouv.qc.ca\/publications\/?tx_ccwdocumentation_ccwdocumentation%5Bkeyword%5D=calculateur&#038;tx_ccwdocumentation_ccwdocumentation%5Bcategory67%5D=0&#038;tx_ccwdocumentation_ccwdocumentation%5Bfiletype%5D=Tous&#038;tx_ccwdocumentation_ccwdocumentation%5BcurrentPage%5D=1&#038;tx_ccwdocumentation_ccwdocumentation%5Benvoyer%5D=Rechercher&#038;tx_ccwdocumentation_ccwdocumentation%5Btri%5D=date\" target=\"_blank\">Voir en ligne<\/a>\n                                    <\/div>\n                                                                  <\/div>\n                              <\/li>\n                                                          <li class=\"outils-list__el\">\n                                <h4 class=\"outils-list__title\">Guide explicatif\u00a0\u2013\u00a0Code de construction du Qu\u00e9bec, Chapitre\u202fI.1 \u2013\u00a0Efficacit\u00e9 \u00e9nerg\u00e9tique du b\u00e2timent\u00a0<\/h4>\n                                <div class=\"outils-list__content\">\n                                  <div class=\"outils-list__content__desc\"><!-- wp:paragraph -->\n<p>Ce guide a \u00e9t\u00e9 publi\u00e9 dans le contexte de la mise en \u0153uvre du nouveau Chapitre\u202fI.1 du Code de construction du Qu\u00e9bec portant sur l\u2019efficacit\u00e9 \u00e9nerg\u00e9tique du b\u00e2timent. Il comporte des exemples d\u2019application des exigences d\u00e9crites au Code dans le but d\u2019en faciliter la compr\u00e9hension.\u00a0\u00a0<\/p>\n<!-- \/wp:paragraph --><\/div>\n                                                                      <div class=\"outils-list__content__btn\">\n                                      <a class=\"btn btn-right-arrow\" href=\"https:\/\/www.rbq.gouv.qc.ca\/fileadmin\/medias\/pdf\/Publications\/francais\/efficacite-energetique-du-batiment-guide-explicatif.pdf\" target=\"_blank\">Voir en ligne<\/a>\n                                    <\/div>\n                                                                  <\/div>\n                              <\/li>\n                                                          <li class=\"outils-list__el\">\n                                <h4 class=\"outils-list__title\">Cahier explicatif des principaux changements au Code de construction du Qu\u00e9bec, Chapitre I \u2013 B\u00e2timent, et\u00a0au\u00a0Code national du b\u00e2timent \u2013 Canada\u202f2020 (modifi\u00e9)\u00a0\u00a0<\/h4>\n                                <div class=\"outils-list__content\">\n                                  <div class=\"outils-list__content__desc\"><!-- wp:paragraph -->\n<p>Ce cahier explicatif pr\u00e9sente et clarifie les principaux changements introduits dans la nouvelle \u00e9dition du chapitre I\u00a0\u2013\u00a0B\u00e2timent, du Code de construction du Qu\u00e9bec, lequel est constitu\u00e9 de l\u2019\u00e9dition\u202f2020 du Code national du b\u00e2timent\u00a0et des modifications apport\u00e9es par le Qu\u00e9bec.\u00a0<\/p>\n<!-- \/wp:paragraph --><\/div>\n                                                                      <div class=\"outils-list__content__btn\">\n                                      <a class=\"btn btn-right-arrow\" href=\"https:\/\/www.rbq.gouv.qc.ca\/fileadmin\/medias\/pdf\/Publications\/francais\/cahier-explicatif-changements-cnb-2020.pdf\" target=\"_blank\">Voir en ligne<\/a>\n                                    <\/div>\n                                                                  <\/div>\n                              <\/li>\n                                                          <li class=\"outils-list__el\">\n                                <h4 class=\"outils-list__title\">Cahier explicatif des principaux changements au Code de s\u00e9curit\u00e9 du Qu\u00e9bec, Chapitre\u202fVIII \u2013 B\u00e2timent, et\u00a0au\u00a0Code national de pr\u00e9vention des incendies \u2013 Canada\u202f2020 (modifi\u00e9)\u00a0<\/h4>\n                                <div class=\"outils-list__content\">\n                                  <div class=\"outils-list__content__desc\"><!-- wp:paragraph -->\n<p>Ce cahier explicatif pr\u00e9sente et clarifie les principaux changements introduits dans la nouvelle \u00e9dition du chapitre\u202fVIII\u00a0<strong>\u2013\u00a0<\/strong>B\u00e2timent du Code de s\u00e9curit\u00e9 du Qu\u00e9bec,\u00a0lequel est constitu\u00e9\u00a0de l\u2019\u00e9dition\u202f2020 du\u00a0Code national de pr\u00e9vention des incendies,\u00a0incluant les exigences de l\u2019\u00e9dition\u202f2015,\u00a0ainsi que les modifications apport\u00e9es par le Qu\u00e9bec.\u00a0<\/p>\n<!-- \/wp:paragraph --><\/div>\n                                                                      <div class=\"outils-list__content__btn\">\n                                      <a class=\"btn btn-right-arrow\" href=\"https:\/\/www.rbq.gouv.qc.ca\/fileadmin\/medias\/pdf\/Publications\/francais\/cahier-explicatif-changements-cnpi-2020.pdf\" target=\"_blank\">Voir en ligne<\/a>\n                                    <\/div>\n                                                                  <\/div>\n                              <\/li>\n                                                          <li class=\"outils-list__el\">\n                                <h4 class=\"outils-list__title\">Cahier explicatif des principaux changements au Code de construction du Qu\u00e9bec, Chapitre I \u2013 B\u00e2timent, et Code national du b\u00e2timent \u2013 Canada\u202f2015 (modifi\u00e9)\u00a0<\/h4>\n                                <div class=\"outils-list__content\">\n                                  <div class=\"outils-list__content__desc\"><!-- wp:paragraph -->\n<p>Ce cahier contient des informations sur les changements provinciaux et nationaux qui ont \u00e9t\u00e9 apport\u00e9s au\u00a0Code de construction du Qu\u00e9bec, Chapitre I \u2013 B\u00e2timent, et Code national du b\u00e2timent \u2013 Canada\u202f2015 (modifi\u00e9) entr\u00e9 en vigueur le 8\u202fjanvier 2022, et qui n\u00e9cessitent des explications ou des exemples d\u2019application.\u00a0\u00a0\u00a0<\/p>\n<!-- \/wp:paragraph --><\/div>\n                                                                      <div class=\"outils-list__content__btn\">\n                                      <a class=\"btn btn-right-arrow\" href=\"https:\/\/www.rbq.gouv.qc.ca\/fileadmin\/medias\/pdf\/Publications\/francais\/guide-principaux-changements-CNB2015.pdf\" target=\"_blank\">Voir en ligne<\/a>\n                                    <\/div>\n                                                                  <\/div>\n                              <\/li>\n                                                          <li class=\"outils-list__el\">\n                                <h4 class=\"outils-list__title\">Guide sur l\u2019accessibilit\u00e9 des b\u00e2timents &#8211; Mise \u00e0 jour 2026<\/h4>\n                                <div class=\"outils-list__content\">\n                                  <div class=\"outils-list__content__desc\"><!-- wp:paragraph -->\n<p>Cette nouvelle version, disponible depuis le 30 mars 2026, remplace celle publi\u00e9e en mars 2022. Elle est publi\u00e9e \u00e0 la suite de la derni\u00e8re r\u00e9vision du\u00a0Code de construction du Qu\u00e9bec,\u00a0Chapitre I \u2013 B\u00e2timent,\u00a0et\u00a0Code national du b\u00e2timent \u2013 Canada\u202f2020 (modifi\u00e9). Le guide explique l\u2019intention et les objectifs de certaines exigences, tout en facilitant la compr\u00e9hension de leur application gr\u00e2ce \u00e0 des textes et \u00e0 des illustrations. Le guide introduit 34 modifications techniques et contient 215 recommandations qui vont au-del\u00e0 des exigences du Code, ainsi que 18 exemples d\u2019erreurs d\u2019interpr\u00e9tation. Cette nouvelle version contient une synth\u00e8se qui r\u00e9pertorie les dispositions ajout\u00e9es, modifi\u00e9es ou abrog\u00e9es. <\/p>\n<!-- \/wp:paragraph -->\n\n<!-- wp:paragraph -->\n<p><\/p>\n<!-- \/wp:paragraph --><\/div>\n                                                                      <div class=\"outils-list__content__btn\">\n                                      <a class=\"btn btn-right-arrow\" href=\"https:\/\/www.rbq.gouv.qc.ca\/fileadmin\/medias\/pdf\/Publications\/francais\/guide-accessibilite-batiment_2026.pdf\" target=\"_blank\">Voir en ligne<\/a>\n                                    <\/div>\n                                                                  <\/div>\n                              <\/li>\n                                                          <li class=\"outils-list__el\">\n                                <h4 class=\"outils-list__title\">Guide explicatif des exigences d\u2019entretien des fa\u00e7ades\u202f:\u00a0version r\u00e9vis\u00e9e\u202f2022\u00a0<\/h4>\n                                <div class=\"outils-list__content\">\n                                  <div class=\"outils-list__content__desc\"><!-- wp:paragraph -->\n<p>Ce guide, qui s\u2019adresse aux propri\u00e9taires des b\u00e2timents, vise \u00e0 faciliter la compr\u00e9hension des obligations li\u00e9es \u00e0 l\u2019entretien des fa\u00e7ades consign\u00e9es au\u00a0chapitre B\u00e2timent du Code de s\u00e9curit\u00e9.\u00a0<\/p>\n<!-- \/wp:paragraph --><\/div>\n                                                                      <div class=\"outils-list__content__btn\">\n                                      <a class=\"btn btn-right-arrow\" href=\"https:\/\/www.rbq.gouv.qc.ca\/fileadmin\/medias\/pdf\/Publications\/francais\/guide-explicatif-exigences-entretien-facades.pdf\" target=\"_blank\">Voir en ligne<\/a>\n                                    <\/div>\n                                                                  <\/div>\n                              <\/li>\n                                                          <li class=\"outils-list__el\">\n                                <h4 class=\"outils-list__title\">Guide d\u2019application\u00a0\u2013 Partie\u202f10 du chapitre\u00a0I\u00a0\u2013\u00a0B\u00e2timent du Code de construction\u00a0du Qu\u00e9bec, lors d\u2019une transformation\u00a0<\/h4>\n                                <div class=\"outils-list__content\">\n                                  <div class=\"outils-list__content__desc\"><!-- wp:paragraph -->\n<p>Ce guide d\u2019application vise \u00e0 faciliter l\u2019utilisation de la partie\u202f10 du chapitre I\u00a0\u2013\u00a0B\u00e2timent du Code de construction du Qu\u00e9bec pour les projets de transformation de b\u00e2timents existants.\u00a0<\/p>\n<!-- \/wp:paragraph --><\/div>\n                                                                      <div class=\"outils-list__content__btn\">\n                                      <a class=\"btn btn-right-arrow\" href=\"https:\/\/www.rbq.gouv.qc.ca\/fileadmin\/medias\/pdf\/Publications\/francais\/GuideApplicationChapBatiment.pdf\" target=\"_blank\">Voir en ligne<\/a>\n                                    <\/div>\n                                                                  <\/div>\n                              <\/li>\n                                                          <li class=\"outils-list__el\">\n                                <h4 class=\"outils-list__title\">Crit\u00e8res techniques visant la construction de toits v\u00e9g\u00e9talis\u00e9s<\/h4>\n                                <div class=\"outils-list__content\">\n                                  <div class=\"outils-list__content__desc\"><!-- wp:paragraph -->\n<p>Ce document \u00e9nonce les crit\u00e8res techniques \u00e0 respecter pour qu\u2019un toit v\u00e9g\u00e9talis\u00e9 puisse \u00eatre construit sur un b\u00e2timent assujetti au Code sans faire l\u2019objet d\u2019une demande\u00a0de mesures \u00e9quivalentes. Il s\u2019adresse aux concepteurs,\u00a0aux\u00a0entrepreneurs, ainsi qu\u2019aux propri\u00e9taires du b\u00e2timent sur lequel il est construit.\u00a0\u00a0<\/p>\n<!-- \/wp:paragraph --><\/div>\n                                                                      <div class=\"outils-list__content__btn\">\n                                      <a class=\"btn btn-right-arrow\" href=\"https:\/\/www.rbq.gouv.qc.ca\/fileadmin\/medias\/pdf\/Publications\/francais\/guide-criteres-techniques-construction-toits-vegetalises.pdf\" target=\"_blank\">Voir en ligne<\/a>\n                                    <\/div>\n                                                                  <\/div>\n                              <\/li>\n                                                          <li class=\"outils-list__el\">\n                                <h4 class=\"outils-list__title\">B\u00e2timents de construction en bois d\u2019\u0153uvre massif encapsul\u00e9 d\u2019au plus 18\u202f\u00e9tages\u00a0\u2013\u00a0Conditions \u00e0 respecter et guide explicatif\u00a0\u00a0\u00a0<\/h4>\n                                <div class=\"outils-list__content\">\n                                  <div class=\"outils-list__content__desc\"><!-- wp:paragraph -->\n<p>Ce\u00a0guide\u00a0pr\u00e9sente les conditions qui doivent \u00eatre respect\u00e9es lors de l\u2019utilisation du bois d\u2019\u0153uvre massif encapsul\u00e9 pour la construction de b\u00e2timents d\u2019au plus 18\u202f\u00e9tages, conform\u00e9ment \u00e0 l\u2019article\u202f127.1 (mesure \u00e9quivalente \u00e9largie) de la Loi sur le b\u00e2timent et \u00e0 l\u2019arr\u00eat\u00e9 minist\u00e9riel\u00a0AM\u202f2025-001 du ministre du Travail.\u00a0\u00a0<\/p>\n<!-- \/wp:paragraph --><\/div>\n                                                                      <div class=\"outils-list__content__btn\">\n                                      <a class=\"btn btn-right-arrow\" href=\"https:\/\/www.rbq.gouv.qc.ca\/fileadmin\/medias\/pdf\/Publications\/francais\/guide-construction-bois-18etages.pdf\" target=\"_blank\">Voir en ligne<\/a>\n                                    <\/div>\n                                                                  <\/div>\n                              <\/li>\n                                                          <li class=\"outils-list__el\">\n                                <h4 class=\"outils-list__title\">Votre b\u00e2timent\u00a0\u2013\u00a0Guide\u00a0sur la tenue du registre d\u2019inspection (Code de s\u00e9curit\u00e9, chapitre B\u00e2timent)\u00a0\u00a0<\/h4>\n                                <div class=\"outils-list__content\">\n                                  <div class=\"outils-list__content__desc\"><!-- wp:paragraph -->\n<p>Ce guide, qui s\u2019adresse aux propri\u00e9taires, aux gestionnaires et aux responsables de l\u2019entretien d\u2019un b\u00e2timent, indique ce que doit contenir un registre d\u2019inspection conforme \u00e0 la r\u00e9glementation et informe sur la nature et la fr\u00e9quence des v\u00e9rifications \u00e0 effectuer.\u00a0<\/p>\n<!-- \/wp:paragraph --><\/div>\n                                                                      <div class=\"outils-list__content__btn\">\n                                      <a class=\"btn btn-right-arrow\" href=\"https:\/\/www.rbq.gouv.qc.ca\/fileadmin\/medias\/pdf\/Publications\/francais\/registre-batiment.pdf\" target=\"_blank\">Voir en ligne<\/a>\n                                    <\/div>\n                                                                  <\/div>\n                              <\/li>\n                                                          <li class=\"outils-list__el\">\n                                <h4 class=\"outils-list__title\">Guide de pr\u00e9sentation d\u2019une demande de mesures \u00e9quivalentes\u00a0ou d\u2019une demande de mesures diff\u00e9rentes\u00a0<\/h4>\n                                <div class=\"outils-list__content\">\n                                  <div class=\"outils-list__content__desc\"><!-- wp:paragraph -->\n<p>Ce guide s\u2019adresse \u00e0 toute personne\u00a0qui d\u00e9sire soumettre une demande de mesures diff\u00e9rentes ou \u00e9quivalentes \u00e0 la RBQ et a pour but de\u00a0la\u00a0guider dans la pr\u00e9sentation de sa demande.<\/p>\n<!-- \/wp:paragraph --><\/div>\n                                                                      <div class=\"outils-list__content__btn\">\n                                      <a class=\"btn btn-right-arrow\" href=\"https:\/\/www.rbq.gouv.qc.ca\/fileadmin\/medias\/pdf\/Publications\/francais\/guide-demande-mesures-equivalentes-diff.pdf\" target=\"_blank\">Voir en ligne<\/a>\n                                    <\/div>\n                                                                  <\/div>\n                              <\/li>\n                                                          <li class=\"outils-list__el\">\n                                <h4 class=\"outils-list__title\">B\u00e2timents de construction massive en bois encapsul\u00e9 d\u2019au plus 12\u202f\u00e9tages\u00a0\u2013\u00a0\u00a0Directives\u00a0et guide explicatif\u00a0\u2013\u00a0Version\u00a0r\u00e9vis\u00e9e\u202f2022\u00a0<\/h4>\n                                <div class=\"outils-list__content\">\n                                  <div class=\"outils-list__content__desc\"><!-- wp:paragraph -->\n<p>Cet ouvrage contient les indications n\u00e9cessaires afin que\u00a0les personnes responsables de la conception et de la construction\u00a0de b\u00e2timents de construction massive en bois encapsul\u00e9 de grande hauteur d\u2019au plus 12\u202f\u00e9tages puissent r\u00e9aliser leurs travaux de conception et de pr\u00e9paration des plans et devis.\u00a0<\/p>\n<!-- \/wp:paragraph --><\/div>\n                                                                      <div class=\"outils-list__content__btn\">\n                                      <a class=\"btn btn-right-arrow\" href=\"https:\/\/www.rbq.gouv.qc.ca\/fileadmin\/medias\/pdf\/Publications\/francais\/guide-construction-massive-bois-plus-12-etages.pdf\" target=\"_blank\">Voir en ligne<\/a>\n                                    <\/div>\n                                                                  <\/div>\n                              <\/li>\n                                                      <\/ul>\n                                            <\/div>\n                  <\/div>\n                                  <div class=\"accordion__item accordion__cont ac\" data-cat=\"registraire-des-entreprises\">\n                    <button class=\"accordion__header-row ac-trigger ac-header accordion-sub-header\">\n                      <h3>Registraire des entreprises <\/h3>\n                      <span class=\"accordion__header__icon\">\n                        <span class=\"plus\"><\/span>\n                      <\/span>\n                    <\/button>\n                    <div class=\"ac-panel\">\n                                                                     <ul class=\"outils-list\">\n                                                          <li class=\"outils-list__el\">\n                                <h4 class=\"outils-list__title\">Registre des entreprises<\/h4>\n                                <div class=\"outils-list__content\">\n                                  <div class=\"outils-list__content__desc\"><!-- wp:paragraph -->\n<p>Le Registre des entreprises est la porte d\u2019entr\u00e9e de toute entreprise d\u00e9sirant faire des affaires au Qu\u00e9bec. Il s\u2019agit aussi d\u2019une banque d\u2019informations publique\u00a0accessible \u00e0 toutes et tous qui\u00a0vise la protection\u00a0de la population\u00a0et des entreprises dans leurs \u00e9changes socio\u00e9conomiques et d\u2019affaires.<\/p>\n<!-- \/wp:paragraph --><\/div>\n                                                                      <div class=\"outils-list__content__btn\">\n                                      <a class=\"btn btn-right-arrow\" href=\"https:\/\/www.quebec.ca\/entreprises-et-travailleurs-autonomes\/obtenir-renseignements-entreprise\/recherche-registre-entreprises\/acceder-registre-entreprises\" target=\"_blank\">Voir en ligne<\/a>\n                                    <\/div>\n                                                                  <\/div>\n                              <\/li>\n                                                      <\/ul>\n                                            <\/div>\n                  <\/div>\n                                  <div class=\"accordion__item accordion__cont ac\" data-cat=\"repreneuriat-quebec\">\n                    <button class=\"accordion__header-row ac-trigger ac-header accordion-sub-header\">\n                      <h3>Repreneuriat Qu\u00e9bec <\/h3>\n                      <span class=\"accordion__header__icon\">\n                        <span class=\"plus\"><\/span>\n                      <\/span>\n                    <\/button>\n                    <div class=\"ac-panel\">\n                                                                     <ul class=\"outils-list\">\n                                                          <li class=\"outils-list__el\">\n                                <h4 class=\"outils-list__title\">Repreneuriat\u00a0Qu\u00e9bec<\/h4>\n                                <div class=\"outils-list__content\">\n                                  <div class=\"outils-list__content__desc\"><!-- wp:paragraph -->\n<p>Repreneuriat Qu\u00e9bec \u0153uvre sur tout le territoire qu\u00e9b\u00e9cois pour accompagner les personnes entrepreneures souhaitant c\u00e9der ou reprendre une entreprise d\u00e9j\u00e0 existante. Sa mission est d\u2019informer, de former, de guider, de mailler et de diriger vers des personnes expertes afin de faciliter un transfert.\u00a0<\/p>\n<!-- \/wp:paragraph --><\/div>\n                                                                      <div class=\"outils-list__content__btn\">\n                                      <a class=\"btn btn-right-arrow\" href=\"https:\/\/repreneuriat.quebec\/\" target=\"_blank\">Voir en ligne<\/a>\n                                    <\/div>\n                                                                  <\/div>\n                              <\/li>\n                                                      <\/ul>\n                                            <\/div>\n                  <\/div>\n                              <\/div>\n                      <\/div>\n        <\/div>\n      <\/div>\n          <div id=\"letter-S\" class=\"accordion__cont ac\" data-letter=\"S\">\n        <div class=\"accordion__accordion\">\n          <button class=\"accordion__header-row accordion-toggle ac-header ac-trigger\">\n            <h3 class=\"accordion__header__title\">S<\/h3>\n            <span class=\"accordion__header__icon\" role=\"presentation\">\n              <span class=\"icon-chevron-down\"><\/span>\n            <\/span>\n          <\/button>\n  \n          <div class=\"accordion__sub-rows wysiwyg ac-panel\">\n                          <div class=\"accordion__category-list accordion-sub accordion-container\">\n                                  <div class=\"accordion__item accordion__cont ac\" data-cat=\"secretariat-du-conseil-du-tresor\">\n                    <button class=\"accordion__header-row ac-trigger ac-header accordion-sub-header\">\n                      <h3>Secr\u00e9tariat du Conseil du tr\u00e9sor <\/h3>\n                      <span class=\"accordion__header__icon\">\n                        <span class=\"plus\"><\/span>\n                      <\/span>\n                    <\/button>\n                    <div class=\"ac-panel\">\n                                                                     <ul class=\"outils-list\">\n                                                          <li class=\"outils-list__el\">\n                                <h4 class=\"outils-list__title\">Guide d\u2019application de l\u2019\u00e9valuation selon la r\u00e8gle du concours de conception<\/h4>\n                                <div class=\"outils-list__content\">\n                                  <div class=\"outils-list__content__desc\"><!-- wp:paragraph -->\n<p>Ce guide d\u00e9crit comment un organisme public peut utiliser la r\u00e8gle du contrat adjug\u00e9 \u00e0 la suite de la tenue d\u2019un concours de conception pour\u00a0attribuer\u00a0un contrat de services d\u2019architecture, d\u2019ing\u00e9nierie ou combinant les deux disciplines. Il d\u00e9taille le processus d\u2019\u00e9valuation, incluant la fa\u00e7on de d\u00e9finir les crit\u00e8res de qualit\u00e9 et de prix, de cr\u00e9er les documents d\u2019appel d\u2019offres et de g\u00e9rer le d\u00e9roulement du concours afin de choisir la meilleure conception pour un projet.\u00a0\u00a0<\/p>\n<!-- \/wp:paragraph --><\/div>\n                                                                      <div class=\"outils-list__content__btn\">\n                                      <a class=\"btn btn-right-arrow\" href=\"https:\/\/www.tresor.gouv.qc.ca\/fileadmin\/PDF\/faire_affaire_avec_etat\/cadre_normatif\/concours_conception_guide_application_evaluation.pdf\" target=\"_blank\">Voir en ligne<\/a>\n                                    <\/div>\n                                                                  <\/div>\n                              <\/li>\n                                                          <li class=\"outils-list__el\">\n                                <h4 class=\"outils-list__title\">Guide d\u2019application de l\u2019\u00e9valuation selon la r\u00e8gle de la pond\u00e9ration qualit\u00e9-prix<\/h4>\n                                <div class=\"outils-list__content\">\n                                  <div class=\"outils-list__content__desc\"><!-- wp:paragraph -->\n<p>Ce guide d\u00e9crit comment un organisme public peut solliciter un prix et une d\u00e9monstration de la qualit\u00e9\u00a0pour adjuger un contrat de service d\u2019architecture ou\u00a0d\u2019ing\u00e9nierie li\u00e9 \u00e0 des travaux de construction. Il explique quand\u00a0appliquer\u00a0la r\u00e8gle de la pond\u00e9ration qualit\u00e9-prix et les \u00e9tapes \u00e0 suivre.\u00a0<\/p>\n<!-- \/wp:paragraph --><\/div>\n                                                                      <div class=\"outils-list__content__btn\">\n                                      <a class=\"btn btn-right-arrow\" href=\"https:\/\/www.tresor.gouv.qc.ca\/fileadmin\/PDF\/faire_affaire_avec_etat\/cadre_normatif\/ponderation_qualite_prix_guide_application_evaluation.pdf\" target=\"_blank\">Voir en ligne<\/a>\n                                    <\/div>\n                                                                  <\/div>\n                              <\/li>\n                                                          <li class=\"outils-list__el\">\n                                <h4 class=\"outils-list__title\">Guide des services d\u2019architecture<\/h4>\n                                <div class=\"outils-list__content\">\n                                  <div class=\"outils-list__content__desc\"><!-- wp:paragraph -->\n<p>Ce guide a pour objectif de soutenir les organismes publics vis\u00e9s par la Loi sur les contrats des organismes publics (c. C-65.1) dans la pr\u00e9paration des documents d\u2019appel d\u2019offres public pour les contrats de services\u00a0d\u2019architecture et de soutenir la n\u00e9gociation du prix de ces contrats comme pr\u00e9vu au R\u00e8glement sur certains contrats de services\u00a0des organismes publics.\u00a0<\/p>\n<!-- \/wp:paragraph --><\/div>\n                                                                      <div class=\"outils-list__content__btn\">\n                                      <a class=\"btn btn-right-arrow\" href=\"https:\/\/www.tresor.gouv.qc.ca\/fileadmin\/PDF\/faire_affaire_avec_etat\/cadre_normatif\/guide_services_architecture.pdf\" target=\"_blank\">Voir en ligne<\/a>\n                                    <\/div>\n                                                                  <\/div>\n                              <\/li>\n                                                      <\/ul>\n                                            <\/div>\n                  <\/div>\n                                  <div class=\"accordion__item accordion__cont ac\" data-cat=\"societe-quebecoise-dinformation-juridique-soquij\">\n                    <button class=\"accordion__header-row ac-trigger ac-header accordion-sub-header\">\n                      <h3>Soci\u00e9t\u00e9 qu\u00e9b\u00e9coise d\u2019information juridique (SOQUIJ) <\/h3>\n                      <span class=\"accordion__header__icon\">\n                        <span class=\"plus\"><\/span>\n                      <\/span>\n                    <\/button>\n                    <div class=\"ac-panel\">\n                                                                     <ul class=\"outils-list\">\n                                                          <li class=\"outils-list__el\">\n                                <h4 class=\"outils-list__title\">Trouver une d\u00e9cision<\/h4>\n                                <div class=\"outils-list__content\">\n                                  <div class=\"outils-list__content__desc\"><!-- wp:paragraph -->\n<p>La\u00a0SOQUIJ\u00a0est l\u2019organisme qu\u00e9b\u00e9cois responsable de la publication des d\u00e9cisions des tribunaux du Qu\u00e9bec.\u00a0L\u2019onglet\u00a0Trouver une d\u00e9cision offre un acc\u00e8s gratuit \u00e0 l\u2019ensemble des d\u00e9cisions des tribunaux et des organismes qu\u00e9b\u00e9cois rendues depuis les ann\u00e9es\u202f2000. Il permet notamment de v\u00e9rifier si une compagnie ou une personne est mentionn\u00e9e dans les jugements publi\u00e9s par\u00a0la\u00a0SOQUIJ.\u00a0<\/p>\n<!-- \/wp:paragraph --><\/div>\n                                                                      <div class=\"outils-list__content__btn\">\n                                      <a class=\"btn btn-right-arrow\" href=\"https:\/\/citoyens.soquij.qc.ca\/\" target=\"_blank\">Voir en ligne<\/a>\n                                    <\/div>\n                                                                  <\/div>\n                              <\/li>\n                                                      <\/ul>\n                                            <\/div>\n                  <\/div>\n                                  <div class=\"accordion__item accordion__cont ac\" data-cat=\"surcy-entreprise-deconomie-sociale\">\n                    <button class=\"accordion__header-row ac-trigger ac-header accordion-sub-header\">\n                      <h3>SURCY, entreprise d\u2019\u00e9conomie sociale <\/h3>\n                      <span class=\"accordion__header__icon\">\n                        <span class=\"plus\"><\/span>\n                      <\/span>\n                    <\/button>\n                    <div class=\"ac-panel\">\n                                                                     <ul class=\"outils-list\">\n                                                          <li class=\"outils-list__el\">\n                                <h4 class=\"outils-list__title\">Guide de mat\u00e9riaux r\u00e9cup\u00e9rables dans la r\u00e9novation de\u00a0plex\u00a0et de maisons unifamiliales<\/h4>\n                                <div class=\"outils-list__content\">\n                                  <div class=\"outils-list__content__desc\"><!-- wp:paragraph -->\n<p>Ce guide pratique s\u2019adresse aux entrepreneurs du secteur r\u00e9sidentiel et s\u2019int\u00e9resse aux mat\u00e9riaux typiques\u00a0g\u00e9n\u00e9ralement pr\u00e9sents\u00a0lors de la r\u00e9novation de maisons unifamiliales et de\u00a0plex. Il pr\u00e9sente des recommandations selon les diff\u00e9rents mat\u00e9riaux et une \u00e9tude des co\u00fbts et \u00e9missions de GES associ\u00e9s \u00e0 leur enfouissement,\u00a0\u00e0\u00a0leur recyclage ou\u00a0\u00e0\u00a0leur r\u00e9emploi.\u00a0<\/p>\n<!-- \/wp:paragraph --><\/div>\n                                                                      <div class=\"outils-list__content__btn\">\n                                      <a class=\"btn btn-right-arrow\" href=\"https:\/\/www.surcy.ca\/projets\/guide-pratique\" target=\"_blank\">Voir en ligne<\/a>\n                                    <\/div>\n                                                                  <\/div>\n                              <\/li>\n                                                          <li class=\"outils-list__el\">\n                                <h4 class=\"outils-list__title\">Guide de r\u00e9emploi en immobilier collectif<\/h4>\n                                <div class=\"outils-list__content\">\n                                  <div class=\"outils-list__content__desc\"><!-- wp:paragraph -->\n<p>Ce guide s\u2019adresse aux propri\u00e9taires,\u00a0aux\u00a0groupes de ressources techniques (GRT),\u00a0aux\u00a0architectes,\u00a0aux\u00a0ing\u00e9nieurs et\u00a0aux\u00a0entrepreneurs qui souhaitent int\u00e9grer le r\u00e9emploi dans leurs projets de construction, de maintien d\u2019actif ou de requalification. Il fournit des informations sur les diff\u00e9rentes \u00e9tapes d\u2019une d\u00e9marche de r\u00e9emploi, de la d\u00e9finition d\u2019une strat\u00e9gie \u00e0 la conception et \u00e0 la r\u00e9alisation. Il pr\u00e9sente une cartographie des processus ainsi que des exemples concrets. R\u00e9dig\u00e9 pour le milieu de l\u2019immobilier collectif, son contenu est tout de m\u00eame applicable \u00e0 d\u2019autres types de projets.\u00a0<\/p>\n<!-- \/wp:paragraph --><\/div>\n                                                                      <div class=\"outils-list__content__btn\">\n                                      <a class=\"btn btn-right-arrow\" href=\"https:\/\/www.surcy.ca\/projets\/guide-reemploi\" target=\"_blank\">Voir en ligne<\/a>\n                                    <\/div>\n                                                                  <\/div>\n                              <\/li>\n                                                      <\/ul>\n                                            <\/div>\n                  <\/div>\n                              <\/div>\n                      <\/div>\n        <\/div>\n      <\/div>\n          <div id=\"letter-T\" class=\"accordion__cont ac\" data-letter=\"T\">\n        <div class=\"accordion__accordion\">\n          <button class=\"accordion__header-row accordion-toggle ac-header ac-trigger\">\n            <h3 class=\"accordion__header__title\">T<\/h3>\n            <span class=\"accordion__header__icon\" role=\"presentation\">\n              <span class=\"icon-chevron-down\"><\/span>\n            <\/span>\n          <\/button>\n  \n          <div class=\"accordion__sub-rows wysiwyg ac-panel\">\n                          <p>Aucune cat\u00e9gorie disponible.<\/p>\n                      <\/div>\n        <\/div>\n      <\/div>\n          <div id=\"letter-U\" class=\"accordion__cont ac\" data-letter=\"U\">\n        <div class=\"accordion__accordion\">\n          <button class=\"accordion__header-row accordion-toggle ac-header ac-trigger\">\n            <h3 class=\"accordion__header__title\">U<\/h3>\n            <span class=\"accordion__header__icon\" role=\"presentation\">\n              <span class=\"icon-chevron-down\"><\/span>\n            <\/span>\n          <\/button>\n  \n          <div class=\"accordion__sub-rows wysiwyg ac-panel\">\n                          <p>Aucune cat\u00e9gorie disponible.<\/p>\n                      <\/div>\n        <\/div>\n      <\/div>\n          <div id=\"letter-V\" class=\"accordion__cont ac\" data-letter=\"V\">\n        <div class=\"accordion__accordion\">\n          <button class=\"accordion__header-row accordion-toggle ac-header ac-trigger\">\n            <h3 class=\"accordion__header__title\">V<\/h3>\n            <span class=\"accordion__header__icon\" role=\"presentation\">\n              <span class=\"icon-chevron-down\"><\/span>\n            <\/span>\n          <\/button>\n  \n          <div class=\"accordion__sub-rows wysiwyg ac-panel\">\n                          <div class=\"accordion__category-list accordion-sub accordion-container\">\n                                  <div class=\"accordion__item accordion__cont ac\" data-cat=\"voir-vert\">\n                    <button class=\"accordion__header-row ac-trigger ac-header accordion-sub-header\">\n                      <h3>Voir vert <\/h3>\n                      <span class=\"accordion__header__icon\">\n                        <span class=\"plus\"><\/span>\n                      <\/span>\n                    <\/button>\n                    <div class=\"ac-panel\">\n                                                                     <ul class=\"outils-list\">\n                                                          <li class=\"outils-list__el\">\n                                <h4 class=\"outils-list__title\">Voir vert<\/h4>\n                                <div class=\"outils-list__content\">\n                                  <div class=\"outils-list__content__desc\"><!-- wp:paragraph -->\n<p>Par son site\u00a0web et\u00a0son\u00a0magazine, Voir\u00a0vert vise \u00e0 favoriser l\u2019essor du b\u00e2timent durable au Qu\u00e9bec ainsi que l\u2019adoption des meilleures pratiques de conception, de construction et d\u2019exploitation des immeubles. Le portail publie des nouvelles, des chroniques, des \u00e9tudes de cas, un r\u00e9pertoire de formations, en plus de fournir diverses autres ressources.\u00a0<\/p>\n<!-- \/wp:paragraph --><\/div>\n                                                                      <div class=\"outils-list__content__btn\">\n                                      <a class=\"btn btn-right-arrow\" href=\"https:\/\/www.voirvert.ca\/\" target=\"_blank\">Voir en ligne<\/a>\n                                    <\/div>\n                                                                  <\/div>\n                              <\/li>\n                                                      <\/ul>\n                                            <\/div>\n                  <\/div>\n                              <\/div>\n                      <\/div>\n        <\/div>\n      <\/div>\n          <div id=\"letter-W\" class=\"accordion__cont ac\" data-letter=\"W\">\n        <div class=\"accordion__accordion\">\n          <button class=\"accordion__header-row accordion-toggle ac-header ac-trigger\">\n            <h3 class=\"accordion__header__title\">W<\/h3>\n            <span class=\"accordion__header__icon\" role=\"presentation\">\n              <span class=\"icon-chevron-down\"><\/span>\n            <\/span>\n          <\/button>\n  \n          <div class=\"accordion__sub-rows wysiwyg ac-panel\">\n                          <p>Aucune cat\u00e9gorie disponible.<\/p>\n                      <\/div>\n        <\/div>\n      <\/div>\n          <div id=\"letter-X\" class=\"accordion__cont ac\" data-letter=\"X\">\n        <div class=\"accordion__accordion\">\n          <button class=\"accordion__header-row accordion-toggle ac-header ac-trigger\">\n            <h3 class=\"accordion__header__title\">X<\/h3>\n            <span class=\"accordion__header__icon\" role=\"presentation\">\n              <span class=\"icon-chevron-down\"><\/span>\n            <\/span>\n          <\/button>\n  \n          <div class=\"accordion__sub-rows wysiwyg ac-panel\">\n                          <p>Aucune cat\u00e9gorie disponible.<\/p>\n                      <\/div>\n        <\/div>\n      <\/div>\n          <div id=\"letter-Y\" class=\"accordion__cont ac\" data-letter=\"Y\">\n        <div class=\"accordion__accordion\">\n          <button class=\"accordion__header-row accordion-toggle ac-header ac-trigger\">\n            <h3 class=\"accordion__header__title\">Y<\/h3>\n            <span class=\"accordion__header__icon\" role=\"presentation\">\n              <span class=\"icon-chevron-down\"><\/span>\n            <\/span>\n          <\/button>\n  \n          <div class=\"accordion__sub-rows wysiwyg ac-panel\">\n                          <p>Aucune cat\u00e9gorie disponible.<\/p>\n                      <\/div>\n        <\/div>\n      <\/div>\n          <div id=\"letter-Z\" class=\"accordion__cont ac\" data-letter=\"Z\">\n        <div class=\"accordion__accordion\">\n          <button class=\"accordion__header-row accordion-toggle ac-header ac-trigger\">\n            <h3 class=\"accordion__header__title\">Z<\/h3>\n            <span class=\"accordion__header__icon\" role=\"presentation\">\n              <span class=\"icon-chevron-down\"><\/span>\n            <\/span>\n          <\/button>\n  \n          <div class=\"accordion__sub-rows wysiwyg ac-panel\">\n                          <p>Aucune cat\u00e9gorie disponible.<\/p>\n                      <\/div>\n        <\/div>\n      <\/div>\n      <\/div>\n<\/section>\n    <\/div>\n<\/section>\n","protected":false},"excerpt":{"rendered":"","protected":false},"author":1,"featured_media":0,"parent":0,"menu_order":0,"comment_status":"closed","ping_status":"closed","template":"","meta":{"_acf_changed":false,"_relevanssi_hide_post":"","_relevanssi_hide_content":"","_relevanssi_pin_for_all":"","_relevanssi_pin_keywords":"","_relevanssi_unpin_keywords":"","_relevanssi_related_keywords":"","_relevanssi_related_include_ids":"","_relevanssi_related_exclude_ids":"","_relevanssi_related_no_append":"","_relevanssi_related_not_related":"","_relevanssi_related_posts":"1","_relevanssi_noindex_reason":"","footnotes":""},"class_list":["post-17","page","type-page","status-publish","hentry"],"acf":[],"yoast_head":"<!-- This site is optimized with the Yoast SEO plugin v27.2 - https:\/\/yoast.com\/product\/yoast-seo-wordpress\/ -->\n<title>Ressources externes - Espace Ressources<\/title>\n<meta name=\"robots\" content=\"index, follow, max-snippet:-1, max-image-preview:large, max-video-preview:-1\" \/>\n<link rel=\"canonical\" href=\"https:\/\/www.oaq.com\/ressources\/ressources-externes\/\" \/>\n<meta property=\"og:locale\" content=\"fr_CA\" \/>\n<meta property=\"og:type\" content=\"article\" \/>\n<meta property=\"og:title\" content=\"Ressources externes - Espace Ressources\" \/>\n<meta property=\"og:url\" content=\"https:\/\/www.oaq.com\/ressources\/ressources-externes\/\" \/>\n<meta property=\"og:site_name\" content=\"Espace Ressources\" \/>\n<meta property=\"article:modified_time\" content=\"2026-03-17T13:31:35+00:00\" \/>\n<meta name=\"twitter:card\" content=\"summary_large_image\" \/>\n<script type=\"application\/ld+json\" class=\"yoast-schema-graph\">{\"@context\":\"https:\/\/schema.org\",\"@graph\":[{\"@type\":\"WebPage\",\"@id\":\"https:\/\/www.oaq.com\/ressources\/ressources-externes\/\",\"url\":\"https:\/\/www.oaq.com\/ressources\/ressources-externes\/\",\"name\":\"Ressources externes - Espace Ressources\",\"isPartOf\":{\"@id\":\"https:\/\/www.oaq.com\/ressources\/#website\"},\"datePublished\":\"2025-11-03T22:14:33+00:00\",\"dateModified\":\"2026-03-17T13:31:35+00:00\",\"breadcrumb\":{\"@id\":\"https:\/\/www.oaq.com\/ressources\/ressources-externes\/#breadcrumb\"},\"inLanguage\":\"fr-CA\",\"potentialAction\":[{\"@type\":\"ReadAction\",\"target\":[\"https:\/\/www.oaq.com\/ressources\/ressources-externes\/\"]}]},{\"@type\":\"BreadcrumbList\",\"@id\":\"https:\/\/www.oaq.com\/ressources\/ressources-externes\/#breadcrumb\",\"itemListElement\":[{\"@type\":\"ListItem\",\"position\":1,\"name\":\"Accueil\",\"item\":\"https:\/\/www.oaq.com\/ressources\/\"},{\"@type\":\"ListItem\",\"position\":2,\"name\":\"Ressources externes\"}]},{\"@type\":\"WebSite\",\"@id\":\"https:\/\/www.oaq.com\/ressources\/#website\",\"url\":\"https:\/\/www.oaq.com\/ressources\/\",\"name\":\"Espace Ressources\",\"description\":\"\",\"potentialAction\":[{\"@type\":\"SearchAction\",\"target\":{\"@type\":\"EntryPoint\",\"urlTemplate\":\"https:\/\/www.oaq.com\/ressources\/?s={search_term_string}\"},\"query-input\":{\"@type\":\"PropertyValueSpecification\",\"valueRequired\":true,\"valueName\":\"search_term_string\"}}],\"inLanguage\":\"fr-CA\"}]}<\/script>\n<!-- \/ Yoast SEO plugin. -->","yoast_head_json":{"title":"Ressources externes - Espace Ressources","robots":{"index":"index","follow":"follow","max-snippet":"max-snippet:-1","max-image-preview":"max-image-preview:large","max-video-preview":"max-video-preview:-1"},"canonical":"https:\/\/www.oaq.com\/ressources\/ressources-externes\/","og_locale":"fr_CA","og_type":"article","og_title":"Ressources externes - Espace Ressources","og_url":"https:\/\/www.oaq.com\/ressources\/ressources-externes\/","og_site_name":"Espace Ressources","article_modified_time":"2026-03-17T13:31:35+00:00","twitter_card":"summary_large_image","schema":{"@context":"https:\/\/schema.org","@graph":[{"@type":"WebPage","@id":"https:\/\/www.oaq.com\/ressources\/ressources-externes\/","url":"https:\/\/www.oaq.com\/ressources\/ressources-externes\/","name":"Ressources externes - Espace Ressources","isPartOf":{"@id":"https:\/\/www.oaq.com\/ressources\/#website"},"datePublished":"2025-11-03T22:14:33+00:00","dateModified":"2026-03-17T13:31:35+00:00","breadcrumb":{"@id":"https:\/\/www.oaq.com\/ressources\/ressources-externes\/#breadcrumb"},"inLanguage":"fr-CA","potentialAction":[{"@type":"ReadAction","target":["https:\/\/www.oaq.com\/ressources\/ressources-externes\/"]}]},{"@type":"BreadcrumbList","@id":"https:\/\/www.oaq.com\/ressources\/ressources-externes\/#breadcrumb","itemListElement":[{"@type":"ListItem","position":1,"name":"Accueil","item":"https:\/\/www.oaq.com\/ressources\/"},{"@type":"ListItem","position":2,"name":"Ressources externes"}]},{"@type":"WebSite","@id":"https:\/\/www.oaq.com\/ressources\/#website","url":"https:\/\/www.oaq.com\/ressources\/","name":"Espace Ressources","description":"","potentialAction":[{"@type":"SearchAction","target":{"@type":"EntryPoint","urlTemplate":"https:\/\/www.oaq.com\/ressources\/?s={search_term_string}"},"query-input":{"@type":"PropertyValueSpecification","valueRequired":true,"valueName":"search_term_string"}}],"inLanguage":"fr-CA"}]}},"_links":{"self":[{"href":"https:\/\/www.oaq.com\/ressources\/wp-json\/wp\/v2\/pages\/17","targetHints":{"allow":["GET"]}}],"collection":[{"href":"https:\/\/www.oaq.com\/ressources\/wp-json\/wp\/v2\/pages"}],"about":[{"href":"https:\/\/www.oaq.com\/ressources\/wp-json\/wp\/v2\/types\/page"}],"author":[{"embeddable":true,"href":"https:\/\/www.oaq.com\/ressources\/wp-json\/wp\/v2\/users\/1"}],"replies":[{"embeddable":true,"href":"https:\/\/www.oaq.com\/ressources\/wp-json\/wp\/v2\/comments?post=17"}],"version-history":[{"count":8,"href":"https:\/\/www.oaq.com\/ressources\/wp-json\/wp\/v2\/pages\/17\/revisions"}],"predecessor-version":[{"id":1966,"href":"https:\/\/www.oaq.com\/ressources\/wp-json\/wp\/v2\/pages\/17\/revisions\/1966"}],"wp:attachment":[{"href":"https:\/\/www.oaq.com\/ressources\/wp-json\/wp\/v2\/media?parent=17"}],"curies":[{"name":"wp","href":"https:\/\/api.w.org\/{rel}","templated":true}]}}